{"id":2802,"date":"2022-04-21T22:25:38","date_gmt":"2022-04-21T22:25:38","guid":{"rendered":"http:\/\/tsoi.produkcija.ba\/?post_type=speaker&#038;p=2802"},"modified":"2022-07-22T11:20:57","modified_gmt":"2022-07-22T11:20:57","slug":"adnan-halilagic","status":"publish","type":"speaker","link":"https:\/\/targer.ba\/soi\/speaker\/adnan-halilagic\/","title":{"rendered":"Adnan Halilagi\u0107"},"content":{"rendered":"\n<p>Adnan Halilagi\u0107, Deputy Director ELIN Motors Bosnia d.o.o \u017divinice, gdje radi od samog osnivanja firme. Primjenjuju\u0107i svjetske metodologije i na\u010dela Lean Management, firma je u kratkom roku pove\u0107ala broj radnika i obim proizvodnje preko 150%. Na polju kvaliteta ima vi\u0161e od 10 godina radnog iskustva u me\u0111unarodnom okru\u017eenju u hemijskoj i automotiv industriji, kao i uslu\u017enim djelatnostima. Standardizacija (SOP, ISO), unaprije\u0111enje kvaliteta kori\u0161tenjem statisti\u010dkih metoda i aplikacija (MINITAB), savremenih koncepata managementa upravljanje proizvodnim i uslu\u017enim procesima je njegov glavni fokus. Kontinuirano se educiraju\u0107i Adnan Halilagi\u0107 je diplomirani ekonomista, posjeduju\u0107i Six Sigma Black Belt certificiran od strane Americkog udru\u017eenja za kvalitet (ASQ) \u010diji je ponosni clan od 2007. godine.<\/p>\n\n\n\n<p><\/p>\n","protected":false},"excerpt":{"rendered":"<p>Adnan Halilagi\u0107, Deputy Director ELIN Motors Bosnia d.o.o \u017divinice, gdje radi od samog osnivanja firme. Primjenjuju\u0107i svjetske metodologije i na\u010dela Lean Management, firma je u kratkom roku pove\u0107ala broj radnika i obim proizvodnje preko 150%. Na polju kvaliteta ima vi\u0161e&#8230;<\/p>\n","protected":false},"author":1,"featured_media":2804,"comment_status":"open","ping_status":"closed","template":"","meta":{"iawp_total_views":11,"footnotes":""},"speaker-category":[160],"speaker-tags":[],"location":[],"class_list":["post-2802","speaker","type-speaker","status-publish","has-post-thumbnail","hentry","speaker-category-targer-treneri"],"_links":{"self":[{"href":"https:\/\/targer.ba\/soi\/wp-json\/wp\/v2\/speaker\/2802","targetHints":{"allow":["GET"]}}],"collection":[{"href":"https:\/\/targer.ba\/soi\/wp-json\/wp\/v2\/speaker"}],"about":[{"href":"https:\/\/targer.ba\/soi\/wp-json\/wp\/v2\/types\/speaker"}],"author":[{"embeddable":true,"href":"https:\/\/targer.ba\/soi\/wp-json\/wp\/v2\/users\/1"}],"replies":[{"embeddable":true,"href":"https:\/\/targer.ba\/soi\/wp-json\/wp\/v2\/comments?post=2802"}],"version-history":[{"count":5,"href":"https:\/\/targer.ba\/soi\/wp-json\/wp\/v2\/speaker\/2802\/revisions"}],"predecessor-version":[{"id":3206,"href":"https:\/\/targer.ba\/soi\/wp-json\/wp\/v2\/speaker\/2802\/revisions\/3206"}],"wp:featuredmedia":[{"embeddable":true,"href":"https:\/\/targer.ba\/soi\/wp-json\/wp\/v2\/media\/2804"}],"wp:attachment":[{"href":"https:\/\/targer.ba\/soi\/wp-json\/wp\/v2\/media?parent=2802"}],"wp:term":[{"taxonomy":"speaker-category","embeddable":true,"href":"https:\/\/targer.ba\/soi\/wp-json\/wp\/v2\/speaker-category?post=2802"},{"taxonomy":"speaker-tags","embeddable":true,"href":"https:\/\/targer.ba\/soi\/wp-json\/wp\/v2\/speaker-tags?post=2802"},{"taxonomy":"location","embeddable":true,"href":"https:\/\/targer.ba\/soi\/wp-json\/wp\/v2\/location?post=2802"}],"curies":[{"name":"wp","href":"https:\/\/api.w.org\/{rel}","templated":true}]}}