{"id":1106,"date":"2018-12-03T15:42:22","date_gmt":"2018-12-03T15:42:22","guid":{"rendered":"https:\/\/demo.gloriathemes.com\/eventchamp\/demo\/?page_id=1106"},"modified":"2022-07-22T11:31:40","modified_gmt":"2022-07-22T11:31:40","slug":"nas-tim","status":"publish","type":"page","link":"https:\/\/targer.ba\/soi\/nas-tim\/","title":{"rendered":"Na\u0161 tim"},"content":{"rendered":"<p>[vc_row][vc_column]<div class=\"gt-speakers-listing gt-style-1\"><div class=\"gt-columns gt-column-2\"><div class=\"gt-col\"><div class=\"gt-inner\"><div class=\"gt-speaker gt-style-6\"><div class=\"gt-image\"><a href=\"https:\/\/targer.ba\/soi\/speaker\/nermin-beganovic\/\"><img loading=\"lazy\" decoding=\"async\" width=\"350\" height=\"350\" src=\"data:image\/svg+xml,%3Csvg%20xmlns%3D%27http:\/\/www.w3.org\/2000\/svg%27%20viewBox%3D%270%200%203%202%27%3E%3C\/svg%3E\" class=\"attachment-eventchamp-thumbnail size-eventchamp-thumbnail gt-lazy-load\" alt=\"\" 0=\"\" data-src=\"https:\/\/targer.ba\/soi\/wp-content\/uploads\/2022\/06\/nerminbeganovic-350x350.jpg\" data-srcset=\"https:\/\/targer.ba\/soi\/wp-content\/uploads\/2022\/06\/nerminbeganovic-350x350.jpg 350w, https:\/\/targer.ba\/soi\/wp-content\/uploads\/2022\/06\/nerminbeganovic-300x300.jpg 300w, https:\/\/targer.ba\/soi\/wp-content\/uploads\/2022\/06\/nerminbeganovic-150x150.jpg 150w, https:\/\/targer.ba\/soi\/wp-content\/uploads\/2022\/06\/nerminbeganovic-85x85.jpg 85w, https:\/\/targer.ba\/soi\/wp-content\/uploads\/2022\/06\/nerminbeganovic-100x100.jpg 100w, https:\/\/targer.ba\/soi\/wp-content\/uploads\/2022\/06\/nerminbeganovic.jpg 355w\" data-sizes=\"(max-width: 350px) 100vw, 350px\" \/><\/a><\/div><div class=\"gt-content\"><div class=\"gt-name\"><a href=\"https:\/\/targer.ba\/soi\/speaker\/nermin-beganovic\/\">Nermin Beganovi\u0107<\/a><\/div><div class=\"gt-profession\">Izvr\u0161ni direktor za Tehnologiju i Projekte; Konsultant; Lead Auditor<\/div><div class=\"gt-text\">Nermin Beganovi\u0107, \u010dlan Uprave i Izvr\u0161ni direktor za Tehnologiju, Projekte, Quality Asuarance i Key Account-a u \u201eGS-Tvornica ma\u0161ina Travnik\u201c, sinergijski vodi jedan od najboljih timova u vrlo zahtjevnim globalnim uslovima poslovanja metalske industrije. <\/div><div class=\"gt-social-links\"><ul class=\"gt-social-links\"><li><a href=\"https:\/\/www.linkedin.com\/in\/beganovic-nermin-11527029\/\" target=\"_blank\"><i class=\"fab fa-linkedin-in\"><\/i><\/a><\/li><\/ul><\/div><\/div><\/div><\/div><\/div><div class=\"gt-col\"><div class=\"gt-inner\"><div class=\"gt-speaker gt-style-6\"><div class=\"gt-image\"><a href=\"https:\/\/targer.ba\/soi\/speaker\/senad-peljto\/\"><img loading=\"lazy\" decoding=\"async\" width=\"350\" height=\"350\" src=\"data:image\/svg+xml,%3Csvg%20xmlns%3D%27http:\/\/www.w3.org\/2000\/svg%27%20viewBox%3D%270%200%203%202%27%3E%3C\/svg%3E\" class=\"attachment-eventchamp-thumbnail size-eventchamp-thumbnail gt-lazy-load\" alt=\"\" 0=\"\" data-src=\"https:\/\/targer.ba\/soi\/wp-content\/uploads\/2022\/04\/senad-peljto-350x350.jpg\" data-srcset=\"https:\/\/targer.ba\/soi\/wp-content\/uploads\/2022\/04\/senad-peljto-350x350.jpg 350w, https:\/\/targer.ba\/soi\/wp-content\/uploads\/2022\/04\/senad-peljto-300x300.jpg 300w, https:\/\/targer.ba\/soi\/wp-content\/uploads\/2022\/04\/senad-peljto-150x150.jpg 150w, https:\/\/targer.ba\/soi\/wp-content\/uploads\/2022\/04\/senad-peljto-85x85.jpg 85w, https:\/\/targer.ba\/soi\/wp-content\/uploads\/2022\/04\/senad-peljto-100x100.jpg 100w, https:\/\/targer.ba\/soi\/wp-content\/uploads\/2022\/04\/senad-peljto.jpg 362w\" data-sizes=\"(max-width: 350px) 100vw, 350px\" \/><\/a><\/div><div class=\"gt-content\"><div class=\"gt-name\"><a href=\"https:\/\/targer.ba\/soi\/speaker\/senad-peljto\/\">Senad Peljto<\/a><\/div><div class=\"gt-profession\">Rukovodilac resora nabavke<\/div><div class=\"gt-text\">Senad Peljto je suosniva\u010d firme Targer E&amp;C u kojoj momentalno obavlja povremene aktivnosti. Nakon studija, kratko vrijeme je radio u sektorima fitnes usluga i trgovine nekretninama. <\/div><div class=\"gt-social-links\"><ul class=\"gt-social-links\"><li><a href=\"https:\/\/www.linkedin.com\/in\/senad-peljto-6612b9b8\/\" target=\"_blank\"><i class=\"fab fa-linkedin-in\"><\/i><\/a><\/li><\/ul><\/div><\/div><\/div><\/div><\/div><div class=\"gt-col\"><div class=\"gt-inner\"><div class=\"gt-speaker gt-style-6\"><div class=\"gt-image\"><a href=\"https:\/\/targer.ba\/soi\/speaker\/benjamin-durakovic\/\"><img loading=\"lazy\" decoding=\"async\" width=\"220\" height=\"147\" src=\"data:image\/svg+xml,%3Csvg%20xmlns%3D%27http:\/\/www.w3.org\/2000\/svg%27%20viewBox%3D%270%200%203%202%27%3E%3C\/svg%3E\" class=\"attachment-eventchamp-thumbnail size-eventchamp-thumbnail gt-lazy-load\" alt=\"\" 0=\"\" data-src=\"https:\/\/targer.ba\/soi\/wp-content\/uploads\/2022\/04\/benjamin-durakovic.jpg\" \/><\/a><\/div><div class=\"gt-content\"><div class=\"gt-name\"><a href=\"https:\/\/targer.ba\/soi\/speaker\/benjamin-durakovic\/\">Benjamin Durakovi\u0107<\/a><\/div><div class=\"gt-profession\">Profesor | Konsultant<\/div><div class=\"gt-text\">Dr. Benjamin Durakovi\u0107 je konsultant i trener anga\u017eovan po potrebi projekata i seminara za Targer E&amp;C. Nakon zavr\u0161etka studija na Ma\u0161inskom Fakultetu u Sarajevu, iskustva i vje\u0161tine je...<\/div><div class=\"gt-social-links\"><ul class=\"gt-social-links\"><li><a href=\"https:\/\/www.linkedin.com\/in\/benjamin-durakovic-3389ba129\/\" target=\"_blank\"><i class=\"fab fa-linkedin-in\"><\/i><\/a><\/li><\/ul><\/div><\/div><\/div><\/div><\/div><div class=\"gt-col\"><div class=\"gt-inner\"><div class=\"gt-speaker gt-style-6\"><div class=\"gt-image\"><a href=\"https:\/\/targer.ba\/soi\/speaker\/ismar-alagic\/\"><img loading=\"lazy\" decoding=\"async\" width=\"299\" height=\"299\" src=\"data:image\/svg+xml,%3Csvg%20xmlns%3D%27http:\/\/www.w3.org\/2000\/svg%27%20viewBox%3D%270%200%203%202%27%3E%3C\/svg%3E\" class=\"attachment-eventchamp-thumbnail size-eventchamp-thumbnail gt-lazy-load\" alt=\"\" 0=\"\" data-src=\"https:\/\/targer.ba\/soi\/wp-content\/uploads\/2022\/04\/14.jpg\" data-srcset=\"https:\/\/targer.ba\/soi\/wp-content\/uploads\/2022\/04\/14.jpg 299w, https:\/\/targer.ba\/soi\/wp-content\/uploads\/2022\/04\/14-100x100.jpg 100w, https:\/\/targer.ba\/soi\/wp-content\/uploads\/2022\/04\/14-150x150.jpg 150w, https:\/\/targer.ba\/soi\/wp-content\/uploads\/2022\/04\/14-85x85.jpg 85w\" data-sizes=\"(max-width: 299px) 100vw, 299px\" \/><\/a><\/div><div class=\"gt-content\"><div class=\"gt-name\"><a href=\"https:\/\/targer.ba\/soi\/speaker\/ismar-alagic\/\">Ismar Alagi\u0107<\/a><\/div><div class=\"gt-profession\">Direktor | Profesor | Predava\u010d<\/div><div class=\"gt-text\">Dr. Ismar Alagi\u0107 je trenutno CEO privredne organizacije TRA Ta\u0161anj.<\/div><div class=\"gt-social-links\"><ul class=\"gt-social-links\"><li><a href=\"https:\/\/www.linkedin.com\/in\/ismar-alagi%C4%87-15057454\/?ppe=1\" target=\"_blank\"><i class=\"fab fa-linkedin-in\"><\/i><\/a><\/li><\/ul><\/div><\/div><\/div><\/div><\/div><div class=\"gt-col\"><div class=\"gt-inner\"><div class=\"gt-speaker gt-style-6\"><div class=\"gt-image\"><a href=\"https:\/\/targer.ba\/soi\/speaker\/almin-saheta\/\"><img loading=\"lazy\" decoding=\"async\" width=\"315\" height=\"315\" src=\"data:image\/svg+xml,%3Csvg%20xmlns%3D%27http:\/\/www.w3.org\/2000\/svg%27%20viewBox%3D%270%200%203%202%27%3E%3C\/svg%3E\" class=\"attachment-eventchamp-thumbnail size-eventchamp-thumbnail gt-lazy-load\" alt=\"\" 0=\"\" data-src=\"https:\/\/targer.ba\/soi\/wp-content\/uploads\/2022\/04\/16.jpg\" data-srcset=\"https:\/\/targer.ba\/soi\/wp-content\/uploads\/2022\/04\/16.jpg 315w, https:\/\/targer.ba\/soi\/wp-content\/uploads\/2022\/04\/16-300x300.jpg 300w, https:\/\/targer.ba\/soi\/wp-content\/uploads\/2022\/04\/16-100x100.jpg 100w, https:\/\/targer.ba\/soi\/wp-content\/uploads\/2022\/04\/16-150x150.jpg 150w, https:\/\/targer.ba\/soi\/wp-content\/uploads\/2022\/04\/16-85x85.jpg 85w\" data-sizes=\"(max-width: 315px) 100vw, 315px\" \/><\/a><\/div><div class=\"gt-content\"><div class=\"gt-name\"><a href=\"https:\/\/targer.ba\/soi\/speaker\/almin-saheta\/\">Almin \u0160aheta<\/a><\/div><div class=\"gt-profession\">Direktor<\/div><div class=\"gt-text\">lmin \u0160aheta je jedan od eksperata za oblasti SCM-a i logistike unutar Targera E&amp;C. Upravljanje tokom materijala je prvenstveno imao prilike u\u010diti kroz dugogodi\u0161nji anga\u017eman unutar Prevent Grupacije...<\/div><div class=\"gt-social-links\"><ul class=\"gt-social-links\"><li><a href=\"https:\/\/www.linkedin.com\/in\/almin-saheta-b8b95811a\/\" target=\"_blank\"><i class=\"fab fa-linkedin-in\"><\/i><\/a><\/li><\/ul><\/div><\/div><\/div><\/div><\/div><div class=\"gt-col\"><div class=\"gt-inner\"><div class=\"gt-speaker gt-style-6\"><div class=\"gt-image\"><a href=\"https:\/\/targer.ba\/soi\/speaker\/damir-hotic\/\"><img loading=\"lazy\" decoding=\"async\" width=\"350\" height=\"350\" src=\"data:image\/svg+xml,%3Csvg%20xmlns%3D%27http:\/\/www.w3.org\/2000\/svg%27%20viewBox%3D%270%200%203%202%27%3E%3C\/svg%3E\" class=\"attachment-eventchamp-thumbnail size-eventchamp-thumbnail gt-lazy-load\" alt=\"\" 0=\"\" data-src=\"https:\/\/targer.ba\/soi\/wp-content\/uploads\/2022\/04\/17-350x350.png\" data-srcset=\"https:\/\/targer.ba\/soi\/wp-content\/uploads\/2022\/04\/17-350x350.png 350w, https:\/\/targer.ba\/soi\/wp-content\/uploads\/2022\/04\/17-300x300.png 300w, https:\/\/targer.ba\/soi\/wp-content\/uploads\/2022\/04\/17-100x100.png 100w, https:\/\/targer.ba\/soi\/wp-content\/uploads\/2022\/04\/17-150x150.png 150w, https:\/\/targer.ba\/soi\/wp-content\/uploads\/2022\/04\/17-85x85.png 85w\" data-sizes=\"(max-width: 350px) 100vw, 350px\" \/><\/a><\/div><div class=\"gt-content\"><div class=\"gt-name\"><a href=\"https:\/\/targer.ba\/soi\/speaker\/damir-hotic\/\">Damir Hoti\u0107<\/a><\/div><div class=\"gt-profession\">Savjetnik Uprave za program kontinuranog pobolj\u0161anja (CI)<\/div><div class=\"gt-text\">Damir Hoti\u0107 radi kao konsultant, trener i projektni saradnik firme Targer E&amp;C na polju svoje ekspertize. <\/div><div class=\"gt-social-links\"><ul class=\"gt-social-links\"><li><a href=\"https:\/\/www.linkedin.com\/in\/damir-hotic-7ba41229\/\" target=\"_blank\"><i class=\"fab fa-linkedin-in\"><\/i><\/a><\/li><\/ul><\/div><\/div><\/div><\/div><\/div><div class=\"gt-col\"><div class=\"gt-inner\"><div class=\"gt-speaker gt-style-6\"><div class=\"gt-image\"><a href=\"https:\/\/targer.ba\/soi\/speaker\/adnan-halilagic\/\"><img loading=\"lazy\" decoding=\"async\" width=\"350\" height=\"350\" src=\"data:image\/svg+xml,%3Csvg%20xmlns%3D%27http:\/\/www.w3.org\/2000\/svg%27%20viewBox%3D%270%200%203%202%27%3E%3C\/svg%3E\" class=\"attachment-eventchamp-thumbnail size-eventchamp-thumbnail gt-lazy-load\" alt=\"\" 0=\"\" data-src=\"https:\/\/targer.ba\/soi\/wp-content\/uploads\/2022\/04\/22-350x350.jpg\" data-srcset=\"https:\/\/targer.ba\/soi\/wp-content\/uploads\/2022\/04\/22-350x350.jpg 350w, https:\/\/targer.ba\/soi\/wp-content\/uploads\/2022\/04\/22-300x300.jpg 300w, https:\/\/targer.ba\/soi\/wp-content\/uploads\/2022\/04\/22-100x100.jpg 100w, https:\/\/targer.ba\/soi\/wp-content\/uploads\/2022\/04\/22-150x150.jpg 150w, https:\/\/targer.ba\/soi\/wp-content\/uploads\/2022\/04\/22-85x85.jpg 85w\" data-sizes=\"(max-width: 350px) 100vw, 350px\" \/><\/a><\/div><div class=\"gt-content\"><div class=\"gt-name\"><a href=\"https:\/\/targer.ba\/soi\/speaker\/adnan-halilagic\/\">Adnan Halilagi\u0107<\/a><\/div><div class=\"gt-profession\">Menad\u017eer za kvalitet | Trener<\/div><div class=\"gt-text\">Adnan Halilagi\u0107, Manager Quality Management u ELIN Motors Bosnia d.o.o \u017divinice, gdje radi od samog osnivanja firme na istoj poziciji.<\/div><div class=\"gt-social-links\"><ul class=\"gt-social-links\"><li><a href=\"https:\/\/www.linkedin.com\/in\/adnan-halilagi%C4%87-45839b7\/\" target=\"_blank\"><i class=\"fab fa-linkedin-in\"><\/i><\/a><\/li><\/ul><\/div><\/div><\/div><\/div><\/div><div class=\"gt-col\"><div class=\"gt-inner\"><div class=\"gt-speaker gt-style-6\"><div class=\"gt-image\"><a href=\"https:\/\/targer.ba\/soi\/speaker\/hadis-bajric\/\"><img loading=\"lazy\" decoding=\"async\" width=\"350\" height=\"350\" src=\"data:image\/svg+xml,%3Csvg%20xmlns%3D%27http:\/\/www.w3.org\/2000\/svg%27%20viewBox%3D%270%200%203%202%27%3E%3C\/svg%3E\" class=\"attachment-eventchamp-thumbnail size-eventchamp-thumbnail gt-lazy-load\" alt=\"\" 0=\"\" data-src=\"https:\/\/targer.ba\/soi\/wp-content\/uploads\/2022\/04\/19-350x350.jpg\" data-srcset=\"https:\/\/targer.ba\/soi\/wp-content\/uploads\/2022\/04\/19-350x350.jpg 350w, https:\/\/targer.ba\/soi\/wp-content\/uploads\/2022\/04\/19-300x300.jpg 300w, https:\/\/targer.ba\/soi\/wp-content\/uploads\/2022\/04\/19-100x100.jpg 100w, https:\/\/targer.ba\/soi\/wp-content\/uploads\/2022\/04\/19-600x600.jpg 600w, https:\/\/targer.ba\/soi\/wp-content\/uploads\/2022\/04\/19-150x150.jpg 150w, https:\/\/targer.ba\/soi\/wp-content\/uploads\/2022\/04\/19-768x768.jpg 768w, https:\/\/targer.ba\/soi\/wp-content\/uploads\/2022\/04\/19-650x650.jpg 650w, https:\/\/targer.ba\/soi\/wp-content\/uploads\/2022\/04\/19-85x85.jpg 85w, https:\/\/targer.ba\/soi\/wp-content\/uploads\/2022\/04\/19.jpg 800w\" data-sizes=\"(max-width: 350px) 100vw, 350px\" \/><\/a><\/div><div class=\"gt-content\"><div class=\"gt-name\"><a href=\"https:\/\/targer.ba\/soi\/speaker\/hadis-bajric\/\">Hadis Bajri\u0107<\/a><\/div><div class=\"gt-profession\">Profesor | Konsultant | Autor<\/div><div class=\"gt-text\">Dr. Hadis Bajri\u0107 je klju\u010dna nau\u010dno-stru\u010dna komponenta Targerovog tima za upravljanje tokom snabdjevanja (SCM - Supply Chain Management) i metode optimizacija operativnih procesa. Po <\/div><div class=\"gt-social-links\"><ul class=\"gt-social-links\"><li><a href=\"https:\/\/www.linkedin.com\/in\/hadis-bajric-24261816a\/\" target=\"_blank\"><i class=\"fab fa-linkedin-in\"><\/i><\/a><\/li><\/ul><\/div><\/div><\/div><\/div><\/div><div class=\"gt-col\"><div class=\"gt-inner\"><div class=\"gt-speaker gt-style-6\"><div class=\"gt-image\"><a href=\"https:\/\/targer.ba\/soi\/speaker\/zoran-durdevic\/\"><img loading=\"lazy\" decoding=\"async\" width=\"350\" height=\"350\" src=\"data:image\/svg+xml,%3Csvg%20xmlns%3D%27http:\/\/www.w3.org\/2000\/svg%27%20viewBox%3D%270%200%203%202%27%3E%3C\/svg%3E\" class=\"attachment-eventchamp-thumbnail size-eventchamp-thumbnail gt-lazy-load\" alt=\"\" 0=\"\" data-src=\"https:\/\/targer.ba\/soi\/wp-content\/uploads\/2022\/04\/zoran-350x350.jpg\" data-srcset=\"https:\/\/targer.ba\/soi\/wp-content\/uploads\/2022\/04\/zoran-350x350.jpg 350w, https:\/\/targer.ba\/soi\/wp-content\/uploads\/2022\/04\/zoran-150x150.jpg 150w, https:\/\/targer.ba\/soi\/wp-content\/uploads\/2022\/04\/zoran-650x650.jpg 650w, https:\/\/targer.ba\/soi\/wp-content\/uploads\/2022\/04\/zoran-85x85.jpg 85w, https:\/\/targer.ba\/soi\/wp-content\/uploads\/2022\/04\/zoran-300x300.jpg 300w, https:\/\/targer.ba\/soi\/wp-content\/uploads\/2022\/04\/zoran-100x100.jpg 100w\" data-sizes=\"(max-width: 350px) 100vw, 350px\" \/><\/a><\/div><div class=\"gt-content\"><div class=\"gt-name\"><a href=\"https:\/\/targer.ba\/soi\/speaker\/zoran-durdevic\/\">Zoran \u0110ur\u0111evi\u0107<\/a><\/div><div class=\"gt-profession\">Direktor | Konsultant | Trener<\/div><div class=\"gt-text\">Zoran \u0110ur\u0111evi\u0107 je osniva\u010d i direktor konsultantske ku\u0107e Kala Konsalting iz Beograda. Stekao je vi\u0161edecenijsko iskustvo u oblasti SCM \u2013 Supply Chain Management, po\u010dev\u0161i od prvog radnog...<\/div><div class=\"gt-social-links\"><ul class=\"gt-social-links\"><li><a href=\"https:\/\/www.linkedin.com\/in\/zoran-djurdjevic-179a182a\/\" target=\"_blank\"><i class=\"fab fa-linkedin-in\"><\/i><\/a><\/li><\/ul><\/div><\/div><\/div><\/div><\/div><div class=\"gt-col\"><div class=\"gt-inner\"><div class=\"gt-speaker gt-style-6\"><div class=\"gt-image\"><a href=\"https:\/\/targer.ba\/soi\/speaker\/jasmin-valjevac\/\"><img loading=\"lazy\" decoding=\"async\" width=\"350\" height=\"350\" src=\"data:image\/svg+xml,%3Csvg%20xmlns%3D%27http:\/\/www.w3.org\/2000\/svg%27%20viewBox%3D%270%200%203%202%27%3E%3C\/svg%3E\" class=\"attachment-eventchamp-thumbnail size-eventchamp-thumbnail gt-lazy-load\" alt=\"\" 0=\"\" data-src=\"https:\/\/targer.ba\/soi\/wp-content\/uploads\/2022\/04\/21-350x350.png\" data-srcset=\"https:\/\/targer.ba\/soi\/wp-content\/uploads\/2022\/04\/21-350x350.png 350w, https:\/\/targer.ba\/soi\/wp-content\/uploads\/2022\/04\/21-300x300.png 300w, https:\/\/targer.ba\/soi\/wp-content\/uploads\/2022\/04\/21-100x100.png 100w, https:\/\/targer.ba\/soi\/wp-content\/uploads\/2022\/04\/21-600x600.png 600w, https:\/\/targer.ba\/soi\/wp-content\/uploads\/2022\/04\/21-150x150.png 150w, https:\/\/targer.ba\/soi\/wp-content\/uploads\/2022\/04\/21-650x650.png 650w, https:\/\/targer.ba\/soi\/wp-content\/uploads\/2022\/04\/21-85x85.png 85w, https:\/\/targer.ba\/soi\/wp-content\/uploads\/2022\/04\/21.png 700w\" data-sizes=\"(max-width: 350px) 100vw, 350px\" \/><\/a><\/div><div class=\"gt-content\"><div class=\"gt-name\"><a href=\"https:\/\/targer.ba\/soi\/speaker\/jasmin-valjevac\/\">Jasmin Valjevac<\/a><\/div><div class=\"gt-profession\">Projekt menad\u017eer | Konsultant<\/div><div class=\"gt-text\">Jasmin Valjevac je voditelj i glavni trener cjelokupnog Lean - Six Sigma programa pri Targer E&amp;C. Posjeduje vi\u0161e od 10 godina relevantnog iskustva koje je sticao rade\u0107i za doma\u0107e kompanije AvioExpress, Prevent Group...<\/div><div class=\"gt-social-links\"><ul class=\"gt-social-links\"><li><a href=\"https:\/\/www.linkedin.com\/in\/jasmin-valjevac-90b119b\/\" target=\"_blank\"><i class=\"fab fa-linkedin-in\"><\/i><\/a><\/li><\/ul><\/div><\/div><\/div><\/div><\/div><div class=\"gt-col\"><div class=\"gt-inner\"><div class=\"gt-speaker gt-style-6\"><div class=\"gt-image\"><a href=\"https:\/\/targer.ba\/soi\/speaker\/anela-kukuljac-valjevac\/\"><img loading=\"lazy\" decoding=\"async\" width=\"271\" height=\"251\" src=\"data:image\/svg+xml,%3Csvg%20xmlns%3D%27http:\/\/www.w3.org\/2000\/svg%27%20viewBox%3D%270%200%203%202%27%3E%3C\/svg%3E\" class=\"attachment-eventchamp-thumbnail size-eventchamp-thumbnail gt-lazy-load\" alt=\"\" 0=\"\" data-src=\"https:\/\/targer.ba\/soi\/wp-content\/uploads\/2022\/04\/AnelaValjevica.jpg\" \/><\/a><\/div><div class=\"gt-content\"><div class=\"gt-name\"><a href=\"https:\/\/targer.ba\/soi\/speaker\/anela-kukuljac-valjevac\/\">Anela Kukuljac Valjevac<\/a><\/div><div class=\"gt-profession\">Direktorica i osniva\u010dica <\/div><div class=\"gt-text\">15 godina prakti\u010dnog radnog iskustva na menad\u017eerskim, izvr\u0161nim pozicijama, sa menad\u017ementom ljudskih resursa kao osnovnim profesionalnim interesovanjem, u Targer E&amp;C radi na temama prvenstveno vezanim za HR.<\/div><div class=\"gt-social-links\"><ul class=\"gt-social-links\"><li><a href=\"https:\/\/www.linkedin.com\/in\/anela-kukuljac-valjevac-mba-b14025a\/\" target=\"_blank\"><i class=\"fab fa-linkedin-in\"><\/i><\/a><\/li><\/ul><\/div><\/div><\/div><\/div><\/div><div class=\"gt-col\"><div class=\"gt-inner\"><div class=\"gt-speaker gt-style-6\"><div class=\"gt-image\"><a href=\"https:\/\/targer.ba\/soi\/speaker\/advan-begovic\/\"><img loading=\"lazy\" decoding=\"async\" width=\"350\" height=\"350\" src=\"data:image\/svg+xml,%3Csvg%20xmlns%3D%27http:\/\/www.w3.org\/2000\/svg%27%20viewBox%3D%270%200%203%202%27%3E%3C\/svg%3E\" class=\"attachment-eventchamp-thumbnail size-eventchamp-thumbnail gt-lazy-load\" alt=\"\" 0=\"\" data-src=\"https:\/\/targer.ba\/soi\/wp-content\/uploads\/2022\/04\/26-350x350.jpg\" data-srcset=\"https:\/\/targer.ba\/soi\/wp-content\/uploads\/2022\/04\/26-350x350.jpg 350w, https:\/\/targer.ba\/soi\/wp-content\/uploads\/2022\/04\/26-300x300.jpg 300w, https:\/\/targer.ba\/soi\/wp-content\/uploads\/2022\/04\/26-100x100.jpg 100w, https:\/\/targer.ba\/soi\/wp-content\/uploads\/2022\/04\/26-150x150.jpg 150w, https:\/\/targer.ba\/soi\/wp-content\/uploads\/2022\/04\/26-85x85.jpg 85w, https:\/\/targer.ba\/soi\/wp-content\/uploads\/2022\/04\/26.jpg 400w\" data-sizes=\"(max-width: 350px) 100vw, 350px\" \/><\/a><\/div><div class=\"gt-content\"><div class=\"gt-name\"><a href=\"https:\/\/targer.ba\/soi\/speaker\/advan-begovic\/\">Advan Begovi\u0107<\/a><\/div><div class=\"gt-profession\">Savjetnik generalnog direktora<\/div><div class=\"gt-text\">Advan Begovi\u0107 je doktorirao na Tehni\u010dkom Univerzitetu RWTH Aachen, univerzitetu koji u Njema\u010dkim i svjetskim razmjerama predstavlja jednu od ikona tehnolo\u0161kog napretka. Upravo tu Advan je kao asistent,...<\/div><div class=\"gt-social-links\"><ul class=\"gt-social-links\"><li><a href=\"https:\/\/www.linkedin.com\/in\/dr-advan-begovic\/\" target=\"_blank\"><i class=\"fab fa-linkedin-in\"><\/i><\/a><\/li><\/ul><\/div><\/div><\/div><\/div><\/div><\/div><nav class=\"gt-pagination\"><ul class='page-numbers'>\n\t<li><span aria-current=\"page\" class=\"page-numbers current\">1<\/span><\/li>\n\t<li><a class=\"page-numbers\" href=\"https:\/\/targer.ba\/soi\/wp-json\/wp\/v2\/pages\/1106\/page\/2\/\">2<\/a><\/li>\n\t<li><a class=\"page-numbers\" href=\"https:\/\/targer.ba\/soi\/wp-json\/wp\/v2\/pages\/1106\/page\/3\/\">3<\/a><\/li>\n\t<li><a class=\"next page-numbers\" href=\"https:\/\/targer.ba\/soi\/wp-json\/wp\/v2\/pages\/1106\/page\/2\/\">Sljede\u0107a<\/a><\/li>\n<\/ul>\n<\/nav><\/div>[\/vc_column][\/vc_row]<\/p>\n","protected":false},"excerpt":{"rendered":"<p>[vc_row][vc_column][\/vc_column][\/vc_row]<\/p>\n","protected":false},"author":1,"featured_media":0,"parent":0,"menu_order":0,"comment_status":"closed","ping_status":"closed","template":"","meta":{"iawp_total_views":266,"footnotes":""},"class_list":["post-1106","page","type-page","status-publish","hentry"],"_links":{"self":[{"href":"https:\/\/targer.ba\/soi\/wp-json\/wp\/v2\/pages\/1106","targetHints":{"allow":["GET"]}}],"collection":[{"href":"https:\/\/targer.ba\/soi\/wp-json\/wp\/v2\/pages"}],"about":[{"href":"https:\/\/targer.ba\/soi\/wp-json\/wp\/v2\/types\/page"}],"author":[{"embeddable":true,"href":"https:\/\/targer.ba\/soi\/wp-json\/wp\/v2\/users\/1"}],"replies":[{"embeddable":true,"href":"https:\/\/targer.ba\/soi\/wp-json\/wp\/v2\/comments?post=1106"}],"version-history":[{"count":9,"href":"https:\/\/targer.ba\/soi\/wp-json\/wp\/v2\/pages\/1106\/revisions"}],"predecessor-version":[{"id":3271,"href":"https:\/\/targer.ba\/soi\/wp-json\/wp\/v2\/pages\/1106\/revisions\/3271"}],"wp:attachment":[{"href":"https:\/\/targer.ba\/soi\/wp-json\/wp\/v2\/media?parent=1106"}],"curies":[{"name":"wp","href":"https:\/\/api.w.org\/{rel}","templated":true}]}}