{"id":4260,"date":"2025-10-19T22:49:14","date_gmt":"2025-10-19T20:49:14","guid":{"rendered":"https:\/\/targer.ba\/soi\/?post_type=event&#038;p=4260"},"modified":"2026-04-28T11:16:38","modified_gmt":"2026-04-28T09:16:38","slug":"targer-frontline-crna-gora","status":"publish","type":"event","link":"https:\/\/targer.ba\/soi\/event\/targer-frontline-crna-gora\/","title":{"rendered":"Targer Frontline &#8211; Crna Gora"},"content":{"rendered":"\n<div class=\"wp-block-file\"><a id=\"wp-block-file--media-7265de9c-19c2-4859-9376-9cdcff4f40a1\" href=\"https:\/\/targer.ba\/soi\/wp-content\/uploads\/2025\/10\/TP365_Frontline_Crna_Gora.pdf\">Targer Progress 365 Frontline Crna Gora<\/a><a href=\"https:\/\/targer.ba\/soi\/wp-content\/uploads\/2025\/10\/TP365_Frontline_Crna_Gora.pdf\" class=\"wp-block-file__button wp-element-button\" download aria-describedby=\"wp-block-file--media-7265de9c-19c2-4859-9376-9cdcff4f40a1\">PREUZMI BRO\u0160URU<\/a><\/div>\n\n\n\n<h3 class=\"wp-block-heading\">\u0160kola proizvodnog rukovo\u0111enja<\/h3>\n\n\n\n<p>Dosta vam je situacije u kojoj ste vi ili neko od va\u0161ih kolega preko no\u0107i postali rukovodioci odre\u0111enoj grupi ljudi i odre\u0111enom procesu, a da jedna minuta obuke za takav posao nije odr\u017eana? A rukovodilac ste vi ili va\u0161 kolega postali jer ste bili jedan od najstru\u010dnijih ili najodgovornijih radnika. Ili ste jednostavno imali najvi\u0161e \u0161kole. Ili mo\u017eda samo najvi\u0161e povjerenja od strane vi\u0161eg rukovodstva.<\/p>\n\n\n\n<div style=\"height:10px\" aria-hidden=\"true\" class=\"wp-block-spacer\"><\/div>\n\n\n\n<p>I tu se zatvara krug: izgubili smo dobrog radnika, tehni\u010dara ili in\u017einjera, a nismo dobili dobrog voditelja. Zvu\u010di poznato? Onda je na\u0161a Frontline \u0161kola prava adresa za vas.<\/p>\n\n\n\n<div style=\"height:10px\" aria-hidden=\"true\" class=\"wp-block-spacer\"><\/div>\n\n\n\n<p>Stoga vas pozivamo da razmotrite mogu\u0107nost i prijavite se na na\u0161 izazov 365. Vi i\/ili neko od va\u0161ih kolega. Jer mi u Targeru ve\u0107 10 godina stravstveno oblikujemo, te\u0161emo i nadogra\u0111ujemo na\u0161u \u0161kolu proizvodnog rukovo\u0111enja, da smo sad u stanju ponuditi ne\u0161to potpuno novo.<\/p>\n\n\n\n<div style=\"height:10px\" aria-hidden=\"true\" class=\"wp-block-spacer\"><\/div>\n\n\n\n<p>Targer Frontline \u2013 \u0160kola izvrsnosti i optimizacije procesa se izvodi po na\u0161em originalnom Targer Progress365 principu. A to zna\u010di da je cilj unutar godine dana istr\u010dati barem jedan menad\u017eerski maraton. U skladu sa vlastitim i mogu\u0107nostima organizacije, tih maratona mo\u017ee biti i nekoliko. Ali jedan je obavezan. I to je taj izazov.<\/p>\n\n\n\n<div style=\"height:10px\" aria-hidden=\"true\" class=\"wp-block-spacer\"><\/div>\n\n\n\n<p>Godinu dana vas vodimo kroz kombinacju nastave, vje\u017ebi, studija slu\u010daja, konkretnih pobolj\u0161anja va\u0161eg procesa, projekata izgradnje i razvoja va\u0161ih menad\u017eerskih vje\u0161tina. U\u017eivo u trening sali, u\u017eivo u va\u0161im procesima, online preko mre\u017ee. Unutar godine dana imamo svaki radni dan jedan mali zadatak Svake sedmice malo nastave i doma\u0107ih zadataka. Svakog mjeseca jedan intenzivni trening. Svakog mjeseca mentortsvo direktno na va\u0161im procesima.<\/p>\n\n\n\n<div style=\"height:10px\" aria-hidden=\"true\" class=\"wp-block-spacer\"><\/div>\n\n\n\n<p>Dakle, svakog dana malo treninga. Svake sedmice jedna utakmica. A svakog mjeseca jo\u0161 jedan kvalitetan turnir. Na \u0161ta vam ovo li\u010di? Tako je, na profesionalni sport. A njega ustvari opona\u0161amo, u kombinaciji sa izvrsnim tehnikama Toyota na\u010dina razvoja rukovode\u0107ih kadrova. Naravno, radite onoliko koliko mo\u017eete podnijeti. Ali redovno. Klju\u010d je u kontinuitetu.<\/p>\n\n\n\n<div style=\"height:10px\" aria-hidden=\"true\" class=\"wp-block-spacer\"><\/div>\n\n\n\n<p>Targer Frontline po principu Targer Marathon365 je evolucija na\u0111e vi\u0161egodi\u0161nje Frontline \u0161kole. Sada ta \u0161kola postaje mnogo vi\u0161e od samo \u201e\u0161kole\u201c. Ona je jedna sveobuhvatna edukativno-mentorska akademija s ciljem razvoja baznih vje\u0111tina rukovo\u0111enja u proizvodnim organizacijama. Namjenjena je rukovodiocima prvih i drugih linija proizvodnih kompanija unutar svih operativnih procesa&nbsp;poput:<\/p>\n\n\n\n<ul class=\"wp-block-list\">\n<li>Proizvodnje<\/li>\n\n\n\n<li>Odr\u017eavanja<\/li>\n\n\n\n<li>Skladi\u0161ta i logistike<\/li>\n\n\n\n<li>Kontrole kvaliteta<\/li>\n\n\n\n<li>Tehni\u010dke pripreme<\/li>\n<\/ul>\n\n\n\n<div style=\"height:10px\" aria-hidden=\"true\" class=\"wp-block-spacer\"><\/div>\n\n\n\n<p><strong>Elementi programa su:<\/strong><\/p>\n\n\n\n<ul class=\"wp-block-list\">\n<li>Mentorstvo na projektu (1x mjese\u010dno)<\/li>\n\n\n\n<li>Trening u\u017eivo (1x mjese\u010dno)<\/li>\n\n\n\n<li>Online nastava (1x sedmi\u010dno)<\/li>\n\n\n\n<li>Zadatak (1x sedmi\u010dno)<\/li>\n\n\n\n<li>Lektira (1x dnevno)<\/li>\n<\/ul>\n\n\n\n<p>\u0160<strong>kola se pokre\u0107e paralelno u 4 zemlje regije (po abecedi):<\/strong><\/p>\n\n\n\n<ul class=\"wp-block-list\">\n<li>Bosna i Hercegovina<\/li>\n\n\n\n<li>Crna Gora<\/li>\n\n\n\n<li>Hrvatska<\/li>\n\n\n\n<li>Srbija<\/li>\n<\/ul>\n\n\n\n<p>\u0160kola se za svaku od dr\u017eava vodi posebno i treninzi u\u017eivo \u0107e se odr\u017eavati unutar jedne zemlje. Online nastava, kao i dobrovoljne posjete kompanijama \u0107e se odr\u017eavati za cijelu regiju skupa. Dio materijala \u0107e biti isklju\u010divo na zvani\u010dnom jeziku svake od zemalja, a dio \u0107e biti na jeziku autora\/predava\u010da\/mentora, pod pretpostavkom da se svi dobro razumijemo. Naravno, svako pri\u010da i obra\u0107a se na svom jeziku, narje\u010dju, dijalektu.<\/p>\n\n\n\n<div style=\"height:10px\" aria-hidden=\"true\" class=\"wp-block-spacer\"><\/div>\n\n\n\n<p>Pored samog koncepta, ono \u0161to je glavna snaga ove \u0161kole su njeni treneri, mentori, kou\u010devi, jednom rje\u010dju stru\u010dnjaci. Ne samo da su to biv\u0161i menad\u017eeri sa prvih linija proizvodnih kompanija, a sada konsultanti i treneri, nego dobar dio trenera i sada radi unutar proizvodnih organizacija. Ovo prakti\u010dno iskustvo, skupa sa teoretskim podlogama i konceptom rada \u0161kole, \u010dine ovu akademiju nenadma\u0161nim alatom za sve pojedicne i organizacije koji \u017eele biti jo\u0161 bolji. To \u0107ete najbolje osjetiti kroz direktno mentorstvo na va\u0161im procesima.<\/p>\n\n\n\n<div style=\"height:10px\" aria-hidden=\"true\" class=\"wp-block-spacer\"><\/div>\n\n\n\n<p>Tokom \u0161kole \u0107e polaznici raditi konkretne zadatke i male projekte razvoja rukovode\u0107ih vje\u0161tina, razvoja svog procesa, kao i razvoja \u010dlanova tima kojima rukovodi. Zadaci se izvode uz podr\u0161ku i mentorstvo \u010dlanova na\u0161eg trenerskog tima. A sve ovo uz usmjeravanje i nadzor od strane sponzora iz va\u0161e kompanije, \u010diju podr\u0161ku i posve\u0107enost svaki tim od min. dva u\u010desnika po kompaniji treba unijeti u \u0161kolu.<\/p>\n\n\n\n<div style=\"height:10px\" aria-hidden=\"true\" class=\"wp-block-spacer\"><\/div>\n\n\n\n<p>Za poha\u0111anje \u0161kole bi bilo dobro da polaznici barataju osnovnimdigitalnim aplikacijama za pra\u0107enje nastave i termina, npr. MS Teams ili Outlook. Poznavanje engleskog jezika je od prednosti, ali nije nu\u017eno, kao rad u programima MS Word, Excel ili Power Point.<\/p>\n\n\n\n<div style=\"height:10px\" aria-hidden=\"true\" class=\"wp-block-spacer\"><\/div>\n\n\n\n<p><strong>Mjesto odr\u017eavanja<\/strong>&nbsp;\u2013 Osnovna lokacija je&nbsp;<strong>Podgorica<\/strong>, a dodatne termine i lokacije dogovaramo fleksibilno, u skladu s preferencijama u\u010desnika.<\/p>\n\n\n\n<p>Sve dodatne informacije se nalaze ispod ili sa strane ovog teksta.<\/p>\n\n\n\n<p>Stoga vas sad pitamo:<\/p>\n\n\n\n<ul class=\"wp-block-list\">\n<li>Imate li MUDA u\u010destovati na izazovu Targer Progress365?<\/li>\n\n\n\n<li>Imate li MUDA biti TOTALNI vlasnik odgovornosti svog procesa?<\/li>\n\n\n\n<li>Imate li MUDA u\u010diti kroz razvoj vlastitog procesa rukovo\u0111enja i \u010dlanov tima, ali na totalno efikasan i odr\u017eiv na\u010din?<\/li>\n<\/ul>\n\n\n\n<h3 class=\"wp-block-heading\"><strong>Cijene programa<\/strong>:<\/h3>\n\n\n\n<p><strong>Mjese\u010dna investicija\/pretplata po u\u010desniku: <\/strong><\/p>\n\n\n\n<ul class=\"wp-block-list\">\n<li><strong>225 \u20ac<\/strong> <strong>+ PDV<\/strong> &#8211;&nbsp; Standardna cijena <\/li>\n\n\n\n<li><strong>185 \u20ac<\/strong> <strong>+ PDV<\/strong> &#8211;&nbsp; Cijena za rane prijave do 30.11.25 <\/li>\n\n\n\n<li><strong>155 \u20ac&nbsp;+ PDV<\/strong> &#8211; Cijena za ultra rane prijave do 31.10.25. <\/li>\n<\/ul>\n\n\n\n<p><strong>Godi\u0161nja uplata (uplata cijelog iznosa unaprijed):<\/strong><\/p>\n\n\n\n<ul class=\"wp-block-list\">\n<li><strong>185 \u20ac<\/strong> <strong>+ PDV\/mjese\u010dno <\/strong>&#8211;&nbsp; Standardna cijena<\/li>\n\n\n\n<li><strong>155 \u20ac<\/strong> <strong>+ <strong>PDV\/mjese\u010dno<\/strong><\/strong> &#8211;&nbsp;Cijena za rane prijave do 30.11.25<\/li>\n\n\n\n<li><strong>125 \u20ac&nbsp;+ <strong>PDV\/mjese\u010dno<\/strong> <\/strong>&#8211; Cijena za ultra rane prijave do 31.10.25.<\/li>\n<\/ul>\n\n\n\n<p class=\"has-text-align-center\" style=\"font-size:24px\"><strong>Specijalna akcija: za 3 prijavljena, dobijate i \u010detvrtog polaznika \u0161kole GRATIS<\/strong><\/p>\n\n\n\n<p class=\"has-text-align-center\"><\/p>\n\n\n\n<p class=\"has-text-align-center\"><\/p>\n\n\n\n<p><strong>Vi\u0161e informacija:<\/strong><\/p>\n\n\n\n<p><strong>Kontak mail: <\/strong>badema.durkic@targer.ba<\/p>\n\n\n\n<p><strong>Kontakt telefon: <\/strong>00 61 561 100<\/p>\n","protected":false},"excerpt":{"rendered":"<p>Da li smo zadovoljni trenutnom produktivnosti na\u0161e kompanije, kvalitetom na\u0161ih proizvoda i usluga? Da li mislimo da mo\u017ee bolje? Da li mislimo da rukovodioci\/poslovo\u0111e u na\u0161oj kompaniji nisu dostigli svoj puni potencijal, iako su to vrlo vrijedni i stru\u010dni uposlenici?<\/p>\n<p>Termin odr\u017eavanja dogovaramo sa vama!<\/p>\n","protected":false},"author":3,"featured_media":4296,"comment_status":"open","ping_status":"closed","template":"","meta":{"iawp_total_views":21,"footnotes":""},"eventcat":[153],"organizer":[],"event_tags":[193],"location":[186],"class_list":["post-4260","event","type-event","status-publish","has-post-thumbnail","hentry","eventcat-skole","event_tags-frontline","location-podgorica"],"_links":{"self":[{"href":"https:\/\/targer.ba\/soi\/wp-json\/wp\/v2\/event\/4260","targetHints":{"allow":["GET"]}}],"collection":[{"href":"https:\/\/targer.ba\/soi\/wp-json\/wp\/v2\/event"}],"about":[{"href":"https:\/\/targer.ba\/soi\/wp-json\/wp\/v2\/types\/event"}],"author":[{"embeddable":true,"href":"https:\/\/targer.ba\/soi\/wp-json\/wp\/v2\/users\/3"}],"replies":[{"embeddable":true,"href":"https:\/\/targer.ba\/soi\/wp-json\/wp\/v2\/comments?post=4260"}],"version-history":[{"count":12,"href":"https:\/\/targer.ba\/soi\/wp-json\/wp\/v2\/event\/4260\/revisions"}],"predecessor-version":[{"id":4548,"href":"https:\/\/targer.ba\/soi\/wp-json\/wp\/v2\/event\/4260\/revisions\/4548"}],"wp:featuredmedia":[{"embeddable":true,"href":"https:\/\/targer.ba\/soi\/wp-json\/wp\/v2\/media\/4296"}],"wp:attachment":[{"href":"https:\/\/targer.ba\/soi\/wp-json\/wp\/v2\/media?parent=4260"}],"wp:term":[{"taxonomy":"eventcat","embeddable":true,"href":"https:\/\/targer.ba\/soi\/wp-json\/wp\/v2\/eventcat?post=4260"},{"taxonomy":"organizer","embeddable":true,"href":"https:\/\/targer.ba\/soi\/wp-json\/wp\/v2\/organizer?post=4260"},{"taxonomy":"event_tags","embeddable":true,"href":"https:\/\/targer.ba\/soi\/wp-json\/wp\/v2\/event_tags?post=4260"},{"taxonomy":"location","embeddable":true,"href":"https:\/\/targer.ba\/soi\/wp-json\/wp\/v2\/location?post=4260"}],"curies":[{"name":"wp","href":"https:\/\/api.w.org\/{rel}","templated":true}]}}