{"id":4257,"date":"2025-10-19T22:48:04","date_gmt":"2025-10-19T20:48:04","guid":{"rendered":"https:\/\/targer.ba\/soi\/?post_type=event&#038;p=4257"},"modified":"2026-04-28T11:17:21","modified_gmt":"2026-04-28T09:17:21","slug":"targer-frontline-srbija","status":"publish","type":"event","link":"https:\/\/targer.ba\/soi\/event\/targer-frontline-srbija\/","title":{"rendered":"Targer Frontline &#8211; Srbija"},"content":{"rendered":"\n<div class=\"wp-block-file\"><a id=\"wp-block-file--media-a020b6bb-bc93-4927-ab19-ff894da76b23\" href=\"https:\/\/targer.ba\/soi\/wp-content\/uploads\/2025\/10\/TP365_Frontline_Srbija.pdf\">Targer Progress 365 Frontline Srbija<\/a><a href=\"https:\/\/targer.ba\/soi\/wp-content\/uploads\/2025\/10\/TP365_Frontline_Srbija.pdf\" class=\"wp-block-file__button wp-element-button\" download aria-describedby=\"wp-block-file--media-a020b6bb-bc93-4927-ab19-ff894da76b23\">PREUZMI BRO\u0160URU<\/a><\/div>\n\n\n\n<h3 class=\"wp-block-heading\">\u0160kola proizvodnog rukovo\u0111enja<\/h3>\n\n\n\n<p>Dosta vam je situacije u kojoj ste vi ili neko od va\u0161ih kolega preko no\u0107i postali rukovodilac odre\u0111enoj grupi ljudi i odre\u0111enom procesu, a da pritom niste imali ni minut obuke za takvu ulogu? A rukovodilac ste postali zato \u0161to ste bili jedan od najstru\u010dnijih ili najodgovornijih radnika. Ili ste imali najvi\u0161e \u0161kole. Ili mo\u017eda samo najve\u0107e poverenje vi\u0161eg rukovodstva.<\/p>\n\n\n\n<div style=\"height:10px\" aria-hidden=\"true\" class=\"wp-block-spacer\"><\/div>\n\n\n\n<p>I tu se krug zatvara: izgubili smo dobrog radnika, tehni\u010dara ili in\u017eenjera, a nismo dobili dobrog rukovodioca. Zvu\u010di poznato? Onda je na\u0161a Frontline \u0161kola prava adresa za vas.<\/p>\n\n\n\n<div style=\"height:10px\" aria-hidden=\"true\" class=\"wp-block-spacer\"><\/div>\n\n\n\n<p>Pozivamo vas da razmotrite mogu\u0107nost i prijavite se na na\u0161 izazov 365 \u2013 vi i\/ili neko od va\u0161ih kolega. Mi u Targeru ve\u0107 10 godina strastveno oblikujemo, unapre\u0111ujemo i nadogra\u0111ujemo na\u0161u \u0161kolu proizvodnog rukovo\u0111enja, tako da vam danas mo\u017eemo ponuditi ne\u0161to potpuno novo.<\/p>\n\n\n\n<p>T<strong>arger Frontline \u2013 \u0161kola proizvodnog rukovo\u0111enja<\/strong> \u2013 sprovodi se po na\u0161em originalnom Targer Progress365 principu. To zna\u010di da je cilj da u toku jedne godine istr\u010dite barem jedan menad\u017eerski maraton. U skladu sa sopstvenim mogu\u0107nostima i mogu\u0107nostima va\u0161e organizacije, tih \u201emaratona\u201c mo\u017ee biti i vi\u0161e \u2013 ali jedan je obavezan. To je izazov.<\/p>\n\n\n\n<p><br>Godinu dana vas vodimo kroz kombinaciju nastave, ve\u017ebi, studija slu\u010daja, konkretnih pobolj\u0161anja u va\u0161em procesu i razvoja va\u0161ih rukovode\u0107ih ve\u0161tina. U\u017eivo u trening sali, u\u017eivo u va\u0161im procesima, online preko mre\u017ee. Tokom cele godine \u2013 svakog radnog dana jedan mali zadatak. Svake nedelje malo nastave i doma\u0107ih zadataka. Svakog meseca jedan intenzivni trening. Svakog meseca mentorstvo direktno na va\u0161im procesima.<\/p>\n\n\n\n<div style=\"height:10px\" aria-hidden=\"true\" class=\"wp-block-spacer\"><\/div>\n\n\n\n<p>Dakle: svakog dana malo treninga. Svake nedelje jedna utakmica. Svakog meseca jedan turnir. Na \u0161ta vas ovo podse\u0107a? Ta\u010dno \u2013 na profesionalni sport. I upravo njega opona\u0161amo, u kombinaciji sa izvrsnim tehnikama Toyotinog sistema razvoja rukovodilaca. Naravno, radite onoliko koliko mo\u017eete da iznesete \u2013 ali radite redovno. Klju\u010d je u kontinuitetu.<\/p>\n\n\n\n<div style=\"height:10px\" aria-hidden=\"true\" class=\"wp-block-spacer\"><\/div>\n\n\n\n<p>Targer Frontline po principu Targer Progress365 je evolucija na\u0161e vi\u0161egodi\u0161nje Frontline \u0161kole. Sada ta \u0161kola postaje mnogo vi\u0161e od samo \u201e\u0161kole\u201c \u2013 ona je sveobuhvatna edukativno-mentorska akademija \u010diji je cilj razvoj baznih ve\u0161tina rukovo\u0111enja u proizvodnim organizacijama. Namenjena je rukovodiocima prvih i drugih linija unutar:<\/p>\n\n\n\n<ul class=\"wp-block-list\">\n<li>Proizvodnje<\/li>\n\n\n\n<li>Odr\u017eavanja<\/li>\n\n\n\n<li>Skladi\u0161ta i logistike<\/li>\n\n\n\n<li>Kontrole kvaliteta<\/li>\n\n\n\n<li>Tehni\u010dke pripreme<\/li>\n<\/ul>\n\n\n\n<p><strong>Elementi programa su:<\/strong><\/p>\n\n\n\n<ul class=\"wp-block-list\">\n<li>Mentorstvo na projektu (1x mjese\u010dno)<\/li>\n\n\n\n<li>Trening u\u017eivo (1x mjese\u010dno)<\/li>\n\n\n\n<li>Online nastava (1x sedmi\u010dno)<\/li>\n\n\n\n<li>Zadatak (1x sedmi\u010dno)<\/li>\n\n\n\n<li>Lektira (1x dnevno)<\/li>\n<\/ul>\n\n\n\n<p>\u0160<strong>kola se pokre\u0107e paralelno u 4 zemlje regije (po abecedi):<\/strong><\/p>\n\n\n\n<ul class=\"wp-block-list\">\n<li>Bosna i Hercegovina<\/li>\n\n\n\n<li>Crna Gora<\/li>\n\n\n\n<li>Hrvatska<\/li>\n\n\n\n<li>Srbija<\/li>\n<\/ul>\n\n\n\n<p>\u0160kola se za svaku dr\u017eavu vodi posebno i treninzi u\u017eivo odr\u017eavaju se unutar jedne zemlje. Online nastava i dobrovoljne posete kompanijama sprovode se zajedni\u010dki za celu regiju. Deo materijala bi\u0107e na zvani\u010dnom jeziku svake zemlje, a deo na jeziku predava\u010da\/mentora, uz pretpostavku da se svi dobro razumemo. Svako govori svojim jezikom, nare\u010djem ili dijalektom.<\/p>\n\n\n\n<div style=\"height:10px\" aria-hidden=\"true\" class=\"wp-block-spacer\"><\/div>\n\n\n\n<p>Glavna snaga ove \u0161kole su njeni treneri, mentori i kou\u010devi \u2013 dakle, prakti\u010dari. To su ljudi koji su nekada bili menad\u017eeri unutar prvih linija proizvodnje, a danas su treneri i konsultanti \u2013 dok mnogi od njih i dalje aktivno rade u industriji. Ovo prakti\u010dno iskustvo, zajedno sa teorijskim osnovama i konceptom rada \u0161kole, \u010dini akademiju izuzetno efikasnim alatom za sve pojedince i organizacije koje \u017eele da rastu i napreduju.<\/p>\n\n\n\n<div style=\"height:10px\" aria-hidden=\"true\" class=\"wp-block-spacer\"><\/div>\n\n\n\n<p>Tokom \u0161kole polaznici rade konkretne zadatke i manje projekte razvoja ve\u0161tina rukovo\u0111enja, unapre\u0111enja procesa i razvoja \u010dlanova svojih timova. Zadaci se realizuju uz podr\u0161ku mentora iz na\u0161eg trenerskog tima, a sve se odvija uz usmeravanje i podr\u0161ku sponzora iz va\u0161e kompanije, pri \u010demu tim mora imati najmanje dva u\u010desnika po kompaniji.<\/p>\n\n\n\n<div style=\"height:10px\" aria-hidden=\"true\" class=\"wp-block-spacer\"><\/div>\n\n\n\n<p>Za poha\u0111anje \u0161kole po\u017eeljno je poznavanje osnovnih digitalnih alata i aplikacija kao \u0161to su MS Teams i Outlook. Poznavanje engleskog jezika je prednost, ali nije uslov, kao ni rad u MS Word-u, Excel-u ili PowerPoint-u.<\/p>\n\n\n\n<div style=\"height:10px\" aria-hidden=\"true\" class=\"wp-block-spacer\"><\/div>\n\n\n\n<p><strong>Mjesto odr\u017eavanja<\/strong>&nbsp;\u2013 Osnovna lokacija je&nbsp;<strong>\u010ca\u010dak<\/strong>, a dodatne termine i lokacije dogovaramo fleksibilno, u skladu s preferencijama u\u010desnika.<\/p>\n\n\n\n<div style=\"height:10px\" aria-hidden=\"true\" class=\"wp-block-spacer\"><\/div>\n\n\n\n<h3 class=\"wp-block-heading\">Certifikacija<\/h3>\n\n\n\n<p>U\u010desnicima koji ispune vi\u0161e od 80% prisustva i zadataka izdaje se puni sertifikat o uspe\u0161no zavr\u0161enoj \u0161koli. Na sertifikatu \u0107e biti nazna\u010deno da ste nosilac Zelenog pojasa iz Targer ProXcell programa, \u0161to obuhvata Lean Six Sigma Green Belt titulu. Ukoliko \u017eelite poseban sertifikat na kojem \u0107e stajati isklju\u010divo \u201eLean Six Sigma Green Belt\u201c, mo\u017eete ga dobiti na zahtev.<\/p>\n\n\n\n<p>U\u010desnici koji ispune manje od 80% obaveza dobijaju sertifikat o u\u010de\u0161\u0107u u \u0161koli.<\/p>\n\n\n\n<h3 class=\"wp-block-heading\">Garancije<\/h3>\n\n\n\n<ul class=\"wp-block-list\">\n<li><strong>Garancija 1<\/strong>&nbsp;\u2013 Prva dva meseca \u0161kole su probna. Ukoliko u tom periodu shvatite da ne mo\u017eete ispunjavati obaveze \u0161kole, mo\u017eete odustati.<\/li>\n\n\n\n<li><strong>Garancija 2<\/strong>&nbsp;\u2013 Ako nakon prva dva meseca procenite da niste zadovoljni \u0161kolom i odlu\u010dite da je prekinete, to mo\u017eete u\u010diniti u skladu sa procedurom koju \u0107ete dobiti prilikom prijave. U tom slu\u010daju sav do tada upla\u0107en novac bi\u0107e vam vra\u0107en.<\/li>\n<\/ul>\n\n\n\n<h3 class=\"wp-block-heading\">Izazovi<\/h3>\n\n\n\n<ul class=\"wp-block-list\">\n<li><strong>Izazov 60 dana<\/strong>&nbsp;\u2013 Polaznici koji tokom prva dva meseca redovno izvr\u0161avaju sve dnevne aktivnosti, zavr\u0161avaju sedmi\u010dne zadatke i prisustvuju svim terminima dobijaju nagradu u vidu produ\u017eenog vikenda: dva no\u0107enja za dve osobe na bazi polupansiona u jednoj od turisti\u010dkih destinacija u regionu. Ovu nagradu dobija svako ko ispuni uslove, a ne samo jedan najbolji.<\/li>\n\n\n\n<li><strong>Izazov 365 dana<\/strong>&nbsp;\u2013 Na godi\u0161njem nivou postoji \u201e365 izazov\u201c: u\u010desnici koji na kraju programa ostvare najmanje 90% prisustva i izvr\u0161enih aktivnosti tokom cele godine osvajaju potpuno pla\u0107en odlazak na Lean Leadership German Factory Tour u vrednosti od oko 1.500 evra, planiran za 2027. godinu. I ovu nagradu dobija svaki u\u010desnik koji ispuni uslove.<\/li>\n<\/ul>\n\n\n\n<p>Sve dodatne informacije nalaze se ispod ili pored teksta.<\/p>\n\n\n\n<p>Stoga vas sada pitamo:<\/p>\n\n\n\n<ul class=\"wp-block-list\">\n<li><strong>Da li imate MUDA u\u010destvovati u izazovu Targer Progress365?<\/strong><\/li>\n\n\n\n<li><strong>Da li imate MUDA preuzeti potpunu odgovornost za svoj proces?<\/strong><\/li>\n\n\n\n<li><strong>Da li imate MUDA u\u010diti kroz unapre\u0111enje sopstvenih procesa na odr\u017eiv i efikasan na\u010din?<\/strong><\/li>\n<\/ul>\n\n\n\n<h3 class=\"wp-block-heading\"><strong>Cene programa<\/strong>:<\/h3>\n\n\n\n<p><strong>Mjese\u010dna investicija\/pretplata po u\u010desniku: <\/strong><\/p>\n\n\n\n<ul class=\"wp-block-list\">\n<li><strong>225 \u20ac<\/strong> <strong>+ PDV<\/strong> &#8211;&nbsp; Standardna cena <\/li>\n\n\n\n<li><strong>185 \u20ac<\/strong> <strong>+ PDV<\/strong> &#8211;&nbsp; Cena za rane prijave do 30.11.25 <\/li>\n\n\n\n<li><strong>155 \u20ac&nbsp;+ PDV<\/strong> &#8211; Cena za drama rane prijave do 31.10.25. <\/li>\n<\/ul>\n\n\n\n<p><strong>Godi\u0161nja uplata (uplata celog iznosa unapred):<\/strong><\/p>\n\n\n\n<ul class=\"wp-block-list\">\n<li><strong>185 \u20ac<\/strong> <strong>+ PDV\/mjese\u010dno <\/strong>&#8211;&nbsp; Standardna cena<\/li>\n\n\n\n<li><strong>155 \u20ac<\/strong> <strong>+ <strong>PDV\/mjese\u010dno<\/strong><\/strong> &#8211;&nbsp;Cena za rane prijave do 30.11.25<\/li>\n\n\n\n<li><strong>125 \u20ac&nbsp;+ <strong>PDV\/mjese\u010dno<\/strong> <\/strong>&#8211; Cena za ultra rane prijave do 31.10.25.<\/li>\n<\/ul>\n\n\n\n<p class=\"has-text-align-center\" style=\"font-size:24px\"><strong>Specijalna akcija: za 3 prijavljena, dobijate i \u010detvrtog polaznika \u0161kole GRATIS<\/strong><\/p>\n\n\n\n<p class=\"has-text-align-center\"><\/p>\n\n\n\n<p class=\"has-text-align-center\"><\/p>\n\n\n\n<p><strong>Za vi\u0161e informacija:<\/strong><\/p>\n\n\n\n<p><strong>Kontakt mail: <\/strong>dubravko.jasic@targer.ba<\/p>\n\n\n\n<p><strong>Kontakt telefon: <\/strong>00 381 638 114 923<\/p>\n","protected":false},"excerpt":{"rendered":"<p>Da li smo zadovoljni trenutnom produktivnosti na\u0161e kompanije, kvalitetom na\u0161ih proizvoda i usluga? Da li mislimo da mo\u017ee bolje? Da li mislimo da rukovodioci\/poslovo\u0111e u na\u0161oj kompaniji nisu dostigli svoj puni potencijal, iako su to vrlo vrijedni i stru\u010dni uposlenici?<\/p>\n<p>Termin odr\u017eavanja dogovaramo sa vama!<\/p>\n","protected":false},"author":3,"featured_media":4296,"comment_status":"open","ping_status":"closed","template":"","meta":{"iawp_total_views":48,"footnotes":""},"eventcat":[153],"organizer":[],"event_tags":[193],"location":[185],"class_list":["post-4257","event","type-event","status-publish","has-post-thumbnail","hentry","eventcat-skole","event_tags-frontline","location-cacak"],"_links":{"self":[{"href":"https:\/\/targer.ba\/soi\/wp-json\/wp\/v2\/event\/4257","targetHints":{"allow":["GET"]}}],"collection":[{"href":"https:\/\/targer.ba\/soi\/wp-json\/wp\/v2\/event"}],"about":[{"href":"https:\/\/targer.ba\/soi\/wp-json\/wp\/v2\/types\/event"}],"author":[{"embeddable":true,"href":"https:\/\/targer.ba\/soi\/wp-json\/wp\/v2\/users\/3"}],"replies":[{"embeddable":true,"href":"https:\/\/targer.ba\/soi\/wp-json\/wp\/v2\/comments?post=4257"}],"version-history":[{"count":15,"href":"https:\/\/targer.ba\/soi\/wp-json\/wp\/v2\/event\/4257\/revisions"}],"predecessor-version":[{"id":4549,"href":"https:\/\/targer.ba\/soi\/wp-json\/wp\/v2\/event\/4257\/revisions\/4549"}],"wp:featuredmedia":[{"embeddable":true,"href":"https:\/\/targer.ba\/soi\/wp-json\/wp\/v2\/media\/4296"}],"wp:attachment":[{"href":"https:\/\/targer.ba\/soi\/wp-json\/wp\/v2\/media?parent=4257"}],"wp:term":[{"taxonomy":"eventcat","embeddable":true,"href":"https:\/\/targer.ba\/soi\/wp-json\/wp\/v2\/eventcat?post=4257"},{"taxonomy":"organizer","embeddable":true,"href":"https:\/\/targer.ba\/soi\/wp-json\/wp\/v2\/organizer?post=4257"},{"taxonomy":"event_tags","embeddable":true,"href":"https:\/\/targer.ba\/soi\/wp-json\/wp\/v2\/event_tags?post=4257"},{"taxonomy":"location","embeddable":true,"href":"https:\/\/targer.ba\/soi\/wp-json\/wp\/v2\/location?post=4257"}],"curies":[{"name":"wp","href":"https:\/\/api.w.org\/{rel}","templated":true}]}}