{"id":4209,"date":"2025-10-18T21:26:46","date_gmt":"2025-10-18T19:26:46","guid":{"rendered":"https:\/\/targer.ba\/soi\/?post_type=event&#038;p=4209"},"modified":"2026-04-28T11:13:45","modified_gmt":"2026-04-28T09:13:45","slug":"targer-frontline","status":"publish","type":"event","link":"https:\/\/targer.ba\/soi\/event\/targer-frontline\/","title":{"rendered":"Targer Frontline &#8211; Bosna i Hercegovina"},"content":{"rendered":"\n<div class=\"wp-block-file\"><a id=\"wp-block-file--media-9a5b747e-1914-47bf-a4ad-2a662fbc3f96\" href=\"https:\/\/targer.ba\/soi\/wp-content\/uploads\/2025\/10\/TP365_Frontline_Bosna_i_Hercegovina.pdf\">Targer Progress 365 Frontline Bosna i Hercegovina<\/a><a href=\"https:\/\/targer.ba\/soi\/wp-content\/uploads\/2025\/10\/TP365_Frontline_Bosna_i_Hercegovina.pdf\" class=\"wp-block-file__button wp-element-button\" download aria-describedby=\"wp-block-file--media-9a5b747e-1914-47bf-a4ad-2a662fbc3f96\">PREUZMI BRO\u0160URU<\/a><\/div>\n\n\n\n<h3 class=\"wp-block-heading\">\u0160kola proizvodnog rukovo\u0111enja<\/h3>\n\n\n\n<p>Dosta vam je situacije u kojoj ste vi ili netko od va\u0161ih kolega preko no\u0107i postali rukovoditelji odre\u0111enoj grupi ljudi i odre\u0111enom procesu, a da jedna minuta obuke za takav posao nije odr\u017eana? A rukovoditelj ste vi ili va\u0161 kolega postali jer ste bili jedan od najstru\u010dnijih ili najodgovornijih radnika. Ili ste jednostavno imali najvi\u0161e \u0161kole. Ili mo\u017eda samo najvi\u0161e povjerenja od strane vi\u0161eg rukovodstva.<\/p>\n\n\n\n<div style=\"height:10px\" aria-hidden=\"true\" class=\"wp-block-spacer\"><\/div>\n\n\n\n<p>I tu se zatvara krug: izgubili smo dobrog radnika, tehni\u010dara ili in\u017eenjera, a nismo dobili dobrog voditelja. Zvu\u010di poznato? Onda je na\u0161a Frontline \u0161kola prava adresa za vas.<\/p>\n\n\n\n<div style=\"height:10px\" aria-hidden=\"true\" class=\"wp-block-spacer\"><\/div>\n\n\n\n<p>Stoga vas pozivamo da razmotrite mogu\u0107nost i prijavite se na na\u0161 izazov 365. Vi i\/ili netko od va\u0161ih kolega. Jer mi u Targeru ve\u0107 10 godina strastveno oblikujemo, tesamo i nadogra\u0111ujemo na\u0161u \u0161kolu proizvodnog rukovo\u0111enja, da smo sad u stanju ponuditi ne\u0161to potpuno novo.<\/p>\n\n\n\n<div style=\"height:10px\" aria-hidden=\"true\" class=\"wp-block-spacer\"><\/div>\n\n\n\n<p><br><strong>Targer Frontline \u2013 \u0160kola proizvodnog rukovo\u0111enja<\/strong> izvodi se po na\u0161em originalnom Targer Progress365 principu. A to zna\u010di da je cilj unutar godine dana istr\u010dati barem jedan menad\u017eerski maraton. U skladu s vlastitim i mogu\u0107nostima organizacije, tih maratona mo\u017ee biti i nekoliko. Ali jedan je obavezan. I to je taj izazov.<\/p>\n\n\n\n<p><\/p>\n\n\n\n<div style=\"height:10px\" aria-hidden=\"true\" class=\"wp-block-spacer\"><\/div>\n\n\n\n<p>Godinu dana vas vodimo kroz kombinaciju nastave, vje\u017ebi, studija slu\u010daja, konkretnih pobolj\u0161anja va\u0161eg procesa, projekata izgradnje i razvoja va\u0161ih menad\u017eerskih vje\u0161tina. U\u017eivo u trening sali, u\u017eivo u va\u0161im procesima, online preko mre\u017ee. Unutar godine dana imamo svaki radni dan jedan mali zadatak. Svake sedmice malo nastave i doma\u0107ih zadataka. Svakog mjeseca jedan intenzivni trening. Svakog mjeseca mentorstvo direktno na va\u0161im procesima.<\/p>\n\n\n\n<div style=\"height:10px\" aria-hidden=\"true\" class=\"wp-block-spacer\"><\/div>\n\n\n\n<p>Dakle, svakog dana malo treninga. Svake sedmice jedna utakmica. A svakog mjeseca jo\u0161 jedan kvalitetan turnir. Na \u0161to vam ovo li\u010di? Tako je, na profesionalni sport. A njega u stvari opona\u0161amo, u kombinaciji s izvrsnim tehnikama Toyota na\u010dina razvoja rukovode\u0107ih kadrova. Naravno, radite onoliko koliko mo\u017eete podnijeti. Ali redovito. Klju\u010d je u kontinuitetu.<\/p>\n\n\n\n<div style=\"height:10px\" aria-hidden=\"true\" class=\"wp-block-spacer\"><\/div>\n\n\n\n<p>Targer Frontline po principu Targer Progress365 je evolucija na\u0161e vi\u0161egodi\u0161nje Frontline \u0161kole. Sada ta \u0161kola postaje mnogo vi\u0161e od samo \u201e\u0161kole\u201c. Ona je jedna sveobuhvatna edukativno-mentorska akademija s ciljem razvoja baznih vje\u0161tina rukovo\u0111enja u proizvodnim organizacijama. Namijenjena je rukovoditeljima prvih i drugih linija proizvodnih kompanija unutar svih operativnih procesa poput:<\/p>\n\n\n\n<ul class=\"wp-block-list\">\n<li>Proizvodnje<\/li>\n\n\n\n<li>Odr\u017eavanja<\/li>\n\n\n\n<li>Skladi\u0161ta i logistike<\/li>\n\n\n\n<li>Kontrole kvaliteta<\/li>\n\n\n\n<li>Tehni\u010dke pripreme<\/li>\n<\/ul>\n\n\n\n<p><strong>Elementi programa su:<\/strong><\/p>\n\n\n\n<ul class=\"wp-block-list\">\n<li>Mentorstvo na projektu (1x mjese\u010dno)<\/li>\n\n\n\n<li>Trening u\u017eivo (1x mjese\u010dno)<\/li>\n\n\n\n<li>Online nastava (1x sedmi\u010dno)<\/li>\n\n\n\n<li>Zadatak (1x sedmi\u010dno)<\/li>\n\n\n\n<li>Lektira (1x dnevno)<\/li>\n<\/ul>\n\n\n\n<p>\u0160<strong>kola se pokre\u0107e paralelno u 4 zemlje regije (po abecedi):<\/strong><\/p>\n\n\n\n<ul class=\"wp-block-list\">\n<li>Bosna i Hercegovina<\/li>\n\n\n\n<li>Crna Gora<\/li>\n\n\n\n<li>Hrvatska<\/li>\n\n\n\n<li>Srbija<\/li>\n<\/ul>\n\n\n\n<p>\u0160kola se za svaku od dr\u017eava vodi posebno i treninzi u\u017eivo odr\u017eavat \u0107e se unutar jedne zemlje. Online nastava, kao i dobrovoljni posjeti kompanijama, odr\u017eavat \u0107e se za cijelu regiju zajedno. Dio materijala bit \u0107e isklju\u010divo na slu\u017ebenom jeziku svake od zemalja, a dio \u0107e biti na jeziku autora\/predava\u010da\/mentora, pod pretpostavkom da se svi dobro razumijemo. Naravno, svatko govori i obra\u0107a se na svom jeziku, narje\u010dju ili dijalektu.<\/p>\n\n\n\n<div style=\"height:10px\" aria-hidden=\"true\" class=\"wp-block-spacer\"><\/div>\n\n\n\n<p>Pored samog koncepta, ono \u0161to je glavna snaga ove \u0161kole su njezini treneri, mentori, kou\u010devi, jednom rije\u010dju stru\u010dnjaci. Ne samo da su to biv\u0161i menad\u017eeri s prvih linija proizvodnih kompanija, a sada konzultanti i treneri, nego dobar dio trenera i sada radi unutar proizvodnih organizacija. Ovo prakti\u010dno iskustvo, zajedno s teorijskim podlogama i konceptom rada \u0161kole, \u010dini ovu akademiju nenadma\u0161nim alatom za sve pojedince i organizacije koji \u017eele biti jo\u0161 bolji. To \u0107ete najbolje osjetiti kroz direktno mentorstvo na va\u0161im procesima.<\/p>\n\n\n\n<div style=\"height:10px\" aria-hidden=\"true\" class=\"wp-block-spacer\"><\/div>\n\n\n\n<p>Tokom \u0161kole polaznici \u0107e raditi konkretne zadatke i male projekte razvoja rukovode\u0107ih vje\u0161tina, razvoja vlastitog procesa, kao i razvoja \u010dlanova tima kojima rukovode. Zadaci se provode uz podr\u0161ku i mentorstvo \u010dlanova na\u0161eg trenerskog tima. A sve ovo uz usmjeravanje i nadzor sponzora iz va\u0161e kompanije, \u010diju podr\u0161ku i posve\u0107enost svaki tim od minimalno dva sudionika po kompaniji treba unijeti u \u0161kolu.<\/p>\n\n\n\n<div style=\"height:10px\" aria-hidden=\"true\" class=\"wp-block-spacer\"><\/div>\n\n\n\n<p>Za poha\u0111anje \u0161kole bilo bi dobro da polaznici barataju osnovnim digitalnim aplikacijama za pra\u0107enje nastave i termina, primjerice MS Teams ili Outlook. Poznavanje engleskog jezika je prednost, ali nije nu\u017eno, kao i rad u programima MS Word, Excel ili PowerPoint.<\/p>\n\n\n\n<div style=\"height:10px\" aria-hidden=\"true\" class=\"wp-block-spacer\"><\/div>\n\n\n\n<p><strong>Mjesto odr\u017eavanja<\/strong>&nbsp;\u2013 Osnovna lokacija je&nbsp;<strong>Sarajevo<\/strong>, a dodatne termine i lokacije dogovaramo fleksibilno, u skladu s preferencijama u\u010desnika.<\/p>\n\n\n\n<div style=\"height:10px\" aria-hidden=\"true\" class=\"wp-block-spacer\"><\/div>\n\n\n\n<h3 class=\"wp-block-heading\">Certifikacija<\/h3>\n\n\n\n<p>Za sudionike koji ispune vi\u0161e od 80% prisutnosti i zadataka, izdaje se puni certifikat o uspje\u0161no zavr\u0161enoj \u0161koli. <\/p>\n\n\n\n<p>Sudionici koji ostvare manje od 80% dobivaju certifikat o sudjelovanju u \u0161koli.<\/p>\n\n\n\n<div style=\"height:10px\" aria-hidden=\"true\" class=\"wp-block-spacer\"><\/div>\n\n\n\n<h3 class=\"wp-block-heading\">Garancije<\/h3>\n\n\n\n<p><\/p>\n\n\n\n<ul class=\"wp-block-list\">\n<li><strong>Garancija 1<\/strong> \u2013 Prva dva mjeseca \u0161kole su probna. Ako u tom periodu shvatite da niste u mogu\u0107nosti ispunjavati obaveze \u0161kole, mo\u017eete odustati.<\/li>\n\n\n\n<li><strong>Garancija 2<\/strong> \u2013 Ukoliko nakon prva dva mjeseca procijenite da niste zadovoljni \u0161kolom i odlu\u010dite je obustaviti, mo\u017eete to u\u010diniti u skladu s procedurom koju \u0107ete dobiti prilikom prijave. U tom slu\u010daju, sav novac koji ste do tada uplatili bit \u0107e vam vra\u0107en.<\/li>\n<\/ul>\n\n\n\n<div style=\"height:10px\" aria-hidden=\"true\" class=\"wp-block-spacer\"><\/div>\n\n\n\n<h3 class=\"wp-block-heading\">Izazovi<\/h3>\n\n\n\n<ul class=\"wp-block-list\">\n<li><strong>Izazov 60 dana<\/strong> \u2013 Za u\u010desnike je predvi\u0111en i nagradni izazov od 60 dana: svi koji u prva dva mjeseca redovito izvr\u0161e sve dnevne aktivnosti, zavr\u0161avaju sedmi\u010dne zadatke i prisustvuju svim terminima, dobivaju nagradu u vidu produ\u017eenog vikenda, dva no\u0107enja za dvije osobe na bazi polupansiona u jednoj od turisti\u010dkih destinacija u regiji. Ovu nagradu dobiva svatko ko ispuni uslove, a ne samo jedan najbolji.<\/li>\n\n\n\n<li><strong>Izazov 365 dana<\/strong> \u2013 Na godi\u0161njoj razini postoji i \u201c365 izazov\u201d: oni koji na kraju programa ostvare najmanje 90% ispunjenih aktivnosti i prisutnosti tokom cijele godine, osvajaju potpuno pla\u0107en odlazak na Lean Leadership German Factory Tour u vrijednosti od cca 1.500 eura, planiran za 2027. godinu. Ovu nagradu dobiva svatko ko ispuni uvjete, a ne samo jedan najbolji.<\/li>\n<\/ul>\n\n\n\n<div style=\"height:10px\" aria-hidden=\"true\" class=\"wp-block-spacer\"><\/div>\n\n\n\n<p>Sve dodatne informacije nalaze se ispod ili sa strane ovog teksta.<\/p>\n\n\n\n<div style=\"height:10px\" aria-hidden=\"true\" class=\"wp-block-spacer\"><\/div>\n\n\n\n<p>Stoga vas sad pitamo:<br><strong>Imate li MUDA u\u010destvovati na izazovu Targer Progress365?<\/strong><br>I<strong>mate li MUDA biti TOTALNI vlasnik odgovornosti svojeg procesa?<br>Imate li MUDA u\u010diti kroz pobolj\u0161anje vlastitih procesa, ali na potpuno u\u010dinkovit i odr\u017eiv na\u010din?<\/strong><\/p>\n\n\n\n<div style=\"height:10px\" aria-hidden=\"true\" class=\"wp-block-spacer\"><\/div>\n\n\n\n<h3 class=\"wp-block-heading\"><strong>Cijene programa<\/strong>:<\/h3>\n\n\n\n<p><strong>Mjese\u010dna investicija\/pretplata po u\u010desniku: <\/strong><\/p>\n\n\n\n<ul class=\"wp-block-list\">\n<li><strong>225 \u20ac<\/strong> <strong>+ PDV<\/strong> &#8211;&nbsp; Standardna cijena <\/li>\n\n\n\n<li><strong>185 \u20ac<\/strong> <strong>+ PDV<\/strong> &#8211;&nbsp; Cijena za rane prijave do 30.11.25 <\/li>\n\n\n\n<li><strong>155 \u20ac&nbsp;+ PDV<\/strong> &#8211; Cijena za ultra rane prijave do 31.10.25. <\/li>\n<\/ul>\n\n\n\n<p><strong>Godi\u0161nja uplata (uplata cijelog iznosa unaprijed):<\/strong><\/p>\n\n\n\n<ul class=\"wp-block-list\">\n<li><strong>185 \u20ac<\/strong> <strong>+ PDV\/mjese\u010dno <\/strong>&#8211;&nbsp; Standardna cijena<\/li>\n\n\n\n<li><strong>155 \u20ac<\/strong> <strong>+ <strong>PDV\/mjese\u010dno<\/strong><\/strong> &#8211;&nbsp;Cijena za rane prijave do 30.11.25<\/li>\n\n\n\n<li><strong>125 \u20ac&nbsp;+ <strong>PDV\/mjese\u010dno<\/strong> <\/strong>&#8211; Cijena za ultra rane prijave do 31.10.25.<\/li>\n<\/ul>\n\n\n\n<p><\/p>\n\n\n\n<p class=\"has-text-align-center\" style=\"font-size:19px\"><strong>Specijalna akcija: za 3 prijavljena, dobijate i \u010detvrtog polaznika \u0161kole GRATIS<\/strong><\/p>\n\n\n\n<p class=\"has-text-align-center\"><strong><mark style=\"background-color:#8ed1fc\" class=\"has-inline-color\">Zvani\u010dni po\u010detak (kick-off) Targer Progress 365 Frontline otvorene \u0161kole:<\/mark><\/strong><\/p>\n\n\n\n<p class=\"has-text-align-center\"><strong><mark style=\"background-color:#8ed1fc\" class=\"has-inline-color\">Utorak, 19.05.2026. <\/mark><\/strong><\/p>\n\n\n\n<p><strong>Vi\u0161e informacija:<\/strong><\/p>\n\n\n\n<p><strong>Kontak mail: <\/strong>badema.durkic@targer.ba<\/p>\n\n\n\n<p><strong>Kontakt telefon: <\/strong>00 61 561 100<\/p>\n\n\n\n<p><\/p>\n","protected":false},"excerpt":{"rendered":"<p>Da li smo zadovoljni trenutnom produktivnosti na\u0161e kompanije, kvalitetom na\u0161ih proizvoda i usluga? Da li mislimo da mo\u017ee bolje? Da li mislimo da rukovodioci\/poslovo\u0111e u na\u0161oj kompaniji nisu dostigli svoj puni potencijal, iako su to vrlo vrijedni i stru\u010dni uposlenici?<\/p>\n<p>Termin odr\u017eavanja dogovaramo sa vama!<\/p>\n","protected":false},"author":3,"featured_media":4296,"comment_status":"open","ping_status":"closed","template":"","meta":{"iawp_total_views":246,"footnotes":""},"eventcat":[153],"organizer":[],"event_tags":[193],"location":[],"class_list":["post-4209","event","type-event","status-publish","has-post-thumbnail","hentry","eventcat-skole","event_tags-frontline"],"_links":{"self":[{"href":"https:\/\/targer.ba\/soi\/wp-json\/wp\/v2\/event\/4209","targetHints":{"allow":["GET"]}}],"collection":[{"href":"https:\/\/targer.ba\/soi\/wp-json\/wp\/v2\/event"}],"about":[{"href":"https:\/\/targer.ba\/soi\/wp-json\/wp\/v2\/types\/event"}],"author":[{"embeddable":true,"href":"https:\/\/targer.ba\/soi\/wp-json\/wp\/v2\/users\/3"}],"replies":[{"embeddable":true,"href":"https:\/\/targer.ba\/soi\/wp-json\/wp\/v2\/comments?post=4209"}],"version-history":[{"count":25,"href":"https:\/\/targer.ba\/soi\/wp-json\/wp\/v2\/event\/4209\/revisions"}],"predecessor-version":[{"id":4547,"href":"https:\/\/targer.ba\/soi\/wp-json\/wp\/v2\/event\/4209\/revisions\/4547"}],"wp:featuredmedia":[{"embeddable":true,"href":"https:\/\/targer.ba\/soi\/wp-json\/wp\/v2\/media\/4296"}],"wp:attachment":[{"href":"https:\/\/targer.ba\/soi\/wp-json\/wp\/v2\/media?parent=4209"}],"wp:term":[{"taxonomy":"eventcat","embeddable":true,"href":"https:\/\/targer.ba\/soi\/wp-json\/wp\/v2\/eventcat?post=4209"},{"taxonomy":"organizer","embeddable":true,"href":"https:\/\/targer.ba\/soi\/wp-json\/wp\/v2\/organizer?post=4209"},{"taxonomy":"event_tags","embeddable":true,"href":"https:\/\/targer.ba\/soi\/wp-json\/wp\/v2\/event_tags?post=4209"},{"taxonomy":"location","embeddable":true,"href":"https:\/\/targer.ba\/soi\/wp-json\/wp\/v2\/location?post=4209"}],"curies":[{"name":"wp","href":"https:\/\/api.w.org\/{rel}","templated":true}]}}