{"id":4196,"date":"2025-10-18T21:15:42","date_gmt":"2025-10-18T19:15:42","guid":{"rendered":"https:\/\/targer.ba\/soi\/?post_type=event&#038;p=4196"},"modified":"2026-04-11T19:54:44","modified_gmt":"2026-04-11T17:54:44","slug":"lean-proxcell-green-belt-certificirana-obuka-sarajevo","status":"publish","type":"event","link":"https:\/\/targer.ba\/soi\/event\/lean-proxcell-green-belt-certificirana-obuka-sarajevo\/","title":{"rendered":"Targer ProXcell Green Belt &#8211; Bosna i Hercegovina"},"content":{"rendered":"\n<div class=\"wp-block-file\"><a id=\"wp-block-file--media-d385af9f-4f77-4657-9a02-5408f5350c41\" href=\"https:\/\/targer.ba\/soi\/wp-content\/uploads\/2025\/10\/TP365_ProXcell_Bosna-_i_Hercegovina.pdf\">Targer Progress 365 ProXcell Green Belt Bosna i Hercegovina<\/a><a href=\"https:\/\/targer.ba\/soi\/wp-content\/uploads\/2025\/10\/TP365_ProXcell_Bosna-_i_Hercegovina.pdf\" class=\"wp-block-file__button wp-element-button\" download aria-describedby=\"wp-block-file--media-d385af9f-4f77-4657-9a02-5408f5350c41\">PREUZMI BRO\u0160URU<\/a><\/div>\n\n\n\n<h3 class=\"wp-block-heading\"><strong>\u0160kola izvrsnosti i optimizacije procesa<\/strong><\/h3>\n\n\n\n<p>Zamislite da svi klju\u010dni ljudi kompanije znaju \u0161ta je procesni pristup? Da znaju \u0161ta zna\u010di efektivnost i efikasnost, kako se boriti protiv gubitaka i rasipanja? Da znaju kako se stvara pobjedni\u010dka timska kultura pro\u017eeta fokusom na rje\u0161avanje problema? I sve to u perspektivi Industrije 4.0, pro\u017eete totalnim umre\u017eavanjem i inteligencijom svega. Jeste li zamislili?<\/p>\n\n\n\n<div style=\"height:10px\" aria-hidden=\"true\" class=\"wp-block-spacer\"><\/div>\n\n\n\n<p>A sad, zamislite da svi ne samo to znaju, nego i da djeluju u skladu sa principima i tehnikama koje znaju? Sad jo\u0161 molimo vas zamislite da ste i vi ne samo pripadnik jedne ovakve u\u010dinkovite i sretne organizacije, nego da ste njezin aktivni kreator.<\/p>\n\n\n\n<div style=\"height:10px\" aria-hidden=\"true\" class=\"wp-block-spacer\"><\/div>\n\n\n\n<p>Mo\u017eda ste ve\u0107 takva organizacija. Ali u svakoj dobroj se krije jedna jo\u0161 bolja. Stoga vas pozivamo da razmotrite mogu\u0107nost i prijavite se na na\u0161 izazov 365. Vi i\/ili neko od va\u0161ih kolega. Jer mi u Targeru ve\u0107 10 godina stravstveno oblikujemo, te\u0161emo i nadogra\u0111ujemo na\u0161u \u0161kolu optimizacije procesa, da smo sad u stanju ponuditi ne\u0161to potpuno novo.<\/p>\n\n\n\n<div style=\"height:10px\" aria-hidden=\"true\" class=\"wp-block-spacer\"><\/div>\n\n\n\n<p><strong>Targer ProXcell Green Belt \u2013 \u0160kola izvrsnosti i optimizacije procesa<\/strong> se izvodi po na\u0161em originalnom Targer Progress365 principu. A to zna\u010di da je cilj unutar godine dana istr\u010dati barem jedan procesni maraton. U skladu sa vlastitim i mogu\u0107nostima organizacije, tih maratona mo\u017ee biti i nekoliko. Ali jedan je obavezan. I to je taj izazov.<\/p>\n\n\n\n<div style=\"height:10px\" aria-hidden=\"true\" class=\"wp-block-spacer\"><\/div>\n\n\n\n<p>Godinu dana vas vodimo kroz kombinaciju nastave, vje\u017ebi, studija slu\u010daja, konkretnih pobolj\u0161anja, projekata rje\u0161avanja problema u vlastitoj organiuaciji. U\u017eivo u trening sali, u\u017eivo u va\u0161im procesima, online preko mre\u017ee. Unutar godine dana imamo svaki radni dan jedan mali zadatak. Svake sedmice malo nastave i doma\u0107ih zadataka. Svakog mjeseca jedan intenzivni trening. Svakog mjeseca mentorstvo direktno na va\u0161im procesima.<\/p>\n\n\n\n<div style=\"height:10px\" aria-hidden=\"true\" class=\"wp-block-spacer\"><\/div>\n\n\n\n<p>Dakle, svakog dana malo treninga. Svake sedmice jedna utakmica. A svakog mjeseca jo\u0161 jedan kvalitetan turnir. Na \u0161ta vam ovo li\u010di? Tako je, na profesionalni sport. A njega ustvari opona\u0161amo, u kombinaciji sa izvrsnim tehnikama Toyota na\u010dina mentorstva i kou\u010dinga uposlenika. Naravno, radite onoliko koliko mo\u017eete podnijeti. Ali redovno. Klju\u010d je u kontinuitetu.<\/p>\n\n\n\n<div style=\"height:10px\" aria-hidden=\"true\" class=\"wp-block-spacer\"><\/div>\n\n\n\n<p>Dakle, <strong>Targer ProXcell Green Belt je evolucija na\u0161eg Lean \u2013 Six Sigma Green Belt programa.<\/strong> On sad postaje mnogo vi\u0161e od \u201esamo Lean\u201c ili \u201esamo Six Sigma\u201c metode. On je sveobuhvatna procesno-operativna akademija. Namjenjen je menad\u017eerima i stru\u010dnim saradnicima svih funkcija jedne proizvodne organizacije. <\/p>\n\n\n\n<div style=\"height:10px\" aria-hidden=\"true\" class=\"wp-block-spacer\"><\/div>\n\n\n\n<p><strong>Elementi programa su:<\/strong><\/p>\n\n\n\n<ul class=\"wp-block-list\">\n<li>Mentorstvo na projektu (1x mjese\u010dno)<\/li>\n\n\n\n<li>Trening u\u017eivo (1x mjese\u010dno)<\/li>\n\n\n\n<li>Online nastava (1x sedmi\u010dno)<\/li>\n\n\n\n<li>Zadatak (1x sedmi\u010dno)<\/li>\n\n\n\n<li>Lektira (1x dnevno)<\/li>\n<\/ul>\n\n\n\n<p>\u0160<strong>kola se pokre\u0107e paralelno u 4 zemlje regije (po abecedi):<\/strong><\/p>\n\n\n\n<ul class=\"wp-block-list\">\n<li>Bosna i Hercegovina<\/li>\n\n\n\n<li>Crna Gora<\/li>\n\n\n\n<li>Hrvatska<\/li>\n\n\n\n<li>Srbija<\/li>\n<\/ul>\n\n\n\n<p>\u0160kola se za svaku od dr\u017eava vodi posebno i treninzi u\u017eivo \u0107e se odr\u017eavati unutar jedne zemlje. Online nastava, kao i dobrovoljne posjete kompanijama \u0107e se odr\u017eavati za cijelu regiju skupa. Dio materijala \u0107e biti isklju\u010divo na zvani\u010dnom jeziku svake od zemalja, a dio \u0107e biti na jeziku autora\/predava\u010da\/mentora, pod pretpostavkom da se svi dobro razumijemo. Naravno, svako pri\u010da i obra\u0107a se na svom jeziku, narje\u010dju, dijalektu.<\/p>\n\n\n\n<div style=\"height:10px\" aria-hidden=\"true\" class=\"wp-block-spacer\"><\/div>\n\n\n\n<p>Pored samog koncepta, ono \u0161to je glavna snaga ove \u0161kole su njeni treneri, mentori, kou\u010devi, jednom rje\u010dju stru\u010dnjaci. Ne samo da su to biv\u0161i menad\u017eeri sa prvih linija proizvodnih kompanija, a sada konsultanti i treneri, nego dobar dio trenera i sada radi unutar proizvodnih organizacija. Ovo prakti\u010dno iskustvo, skupa sa teoretskim podlogama i konceptom rada \u0161kole, \u010dine ovu akademiju nenadma\u0161nim alatom za sve pojedicne i organizacije koji \u017eele biti jo\u0161 bolji. To \u0107ete najbolje osjetiti kroz direktno mentorstvo na va\u0161im procesima.<\/p>\n\n\n\n<div style=\"height:10px\" aria-hidden=\"true\" class=\"wp-block-spacer\"><\/div>\n\n\n\n<p>Tokom \u0161kole \u0107e polaznici pokretati i rje\u0161avati projekte pobolj\u0161anja i optimizacije procesa. Po\u010dinjemo od sitnih unapre\u0111enja u Kaizen stilu, preko Toyota A3 projekta u trajanju od mjesec dana, a zadnja 3 mjeseca \u0161kole radimo i zavr\u0161ni veliki Six Sigma DMAIC projekat optimizacije. Sve ovo uz usmjeravanje i nadzor od strane sponzora, \u010diju podr\u0161ku i posve\u0107enost svaki tim od min. dva u\u010desnika po kompaniji treba unijeti u \u0161kolu.<\/p>\n\n\n\n<div style=\"height:10px\" aria-hidden=\"true\" class=\"wp-block-spacer\"><\/div>\n\n\n\n<p>Za poha\u0111anje \u0161kole bi bilo dobro da polaznici barataju osnovnim alatima za izradu dokumentacije, npr. MS Word, Excel i Power Point, digitalnim aplikacijama za pra\u0107enje nastave i termina, npr. MS Teams ili Outlook, kao i makar osnovama engleskog jezika.<\/p>\n\n\n\n<div style=\"height:10px\" aria-hidden=\"true\" class=\"wp-block-spacer\"><\/div>\n\n\n\n<p><strong>Mjesto odr\u017eavanja<\/strong> &#8211; Osnovna lokacija je <strong>Sarajevo<\/strong>, a dodatne termine i lokacije dogovaramo fleksibilno, u skladu s preferencijama u\u010desnika.<\/p>\n\n\n\n<h3 class=\"wp-block-heading\"><strong>Certifikacija<\/strong><\/h3>\n\n\n\n<p>Za u\u010desnike koji ispune <strong>vi\u0161e od 80% prisustva i zadataka<\/strong>, izdaje se<strong> puni certifikat o uspje\u0161no zavr\u0161enoj <\/strong>\u0161koli. Na certifikatu \u0107e biti navedeno da ste nosilac Zelenog pojasa iz Targer ProXcell programa, \u0161to obuhvata i Lean &#8211; Six Sigma Green Belt titulu.<br>Ukoliko \u017eelite poseban certifikat na kojem \u0107e stajati isklju\u010divo \u201eLean &#8211; Six Sigma Green Belt\u201c, mo\u017eete ga dobiti na zahtjev.<\/p>\n\n\n\n<p>U\u010desnici koji ostvare manje od 80% dobijaju certifikat o u\u010de\u0161\u0107u u \u0161koli.<\/p>\n\n\n\n<h3 class=\"wp-block-heading\"><strong>Garancije<\/strong><\/h3>\n\n\n\n<ul class=\"wp-block-list\">\n<li><strong>Garancija 1<\/strong> &#8211; Prva dva mjeseca \u0161kole su probna. Ako u tom periodu shvatite da niste u mogu\u0107nosti ispunjavati obaveze \u0161kole, mo\u017eete odustati. <\/li>\n\n\n\n<li><strong>Garancija 2<\/strong> &#8211; Ukoliko nakon prva dva mjeseca procijenite da niste zadovoljni \u0161kolom i odlu\u010dite da je obustavite, mo\u017eete to u\u010diniti u skladu s procedurom koju \u0107ete dobiti prilikom prijave. U tom slu\u010daju, sav novac koji ste do tada uplatili bi\u0107e vam vra\u0107en.<\/li>\n<\/ul>\n\n\n\n<div style=\"height:0px\" aria-hidden=\"true\" class=\"wp-block-spacer\"><\/div>\n\n\n\n<h3 class=\"wp-block-heading\">Izazovi<\/h3>\n\n\n\n<ul class=\"wp-block-list\">\n<li><strong>Izazov 60 dana<\/strong> &#8211; Za u\u010desnike je predvi\u0111en i nagradni izazov od 60 dana: svi koji u prva dva mjeseca redovno izvr\u0161e sve dnevne aktivnosti, zavr\u0161avaju sedmi\u010dne zadatke i prisustvuju svim terminima, dobijaju nagradu u vidu produ\u017eenog vikenda, dva no\u0107enja za dvije osobe na bazi polupansiona u jednoj od turisti\u010dkih destinacija u regiji. Ovu nagradu dobija svako ko ispuni uslove, a ne samo jedan najbolji.<\/li>\n\n\n\n<li><strong>Izazov 365 dana &#8211; <\/strong>Na godi\u0161njem nivou postoji i \u201c365 izazov\u201d: oni koji na kraju programa ostvare najmanje 90% ispunjenih aktivnosti i prisustva tokom cijele godine, osvajaju potpuno pla\u0107en odlazak na Lean Leadership German Factory Tour u vrijednosti od cca 1.500 eura, planiran za 2027. godinu. Ovu nagradu dobija svako ko ispuni uslove, a ne samo jedan najbolji.<\/li>\n<\/ul>\n\n\n\n<div style=\"height:10px\" aria-hidden=\"true\" class=\"wp-block-spacer\"><\/div>\n\n\n\n<p>Sve dodatne informacije se nalaze ispod ili sa strane ovog teksta.<\/p>\n\n\n\n<p>Stoga vas sad pitamo:<\/p>\n\n\n\n<ul class=\"wp-block-list\">\n<li><strong>Imate li MUDA u\u010destovati na izazovu Targer Progress365?<\/strong><\/li>\n\n\n\n<li><strong>Imate li MUDA biti TOTALNI vlasnik odgovornosti svog procesa?<\/strong><\/li>\n\n\n\n<li><strong>Imate li MUDA u\u010diti kroz pobolja\u0161nje vlastitih procesa, ali na totalno efikasan i odr\u017eiv na\u010din?<\/strong><\/li>\n<\/ul>\n\n\n\n<h3 class=\"wp-block-heading\"><strong>Cijene programa<\/strong>:<\/h3>\n\n\n\n<p><strong>Mjese\u010dna investicija\/pretplata po u\u010desniku: <\/strong><\/p>\n\n\n\n<ul class=\"wp-block-list\">\n<li><strong>310 \u20ac<\/strong> <strong>+ PDV <\/strong>&#8211;&nbsp; Standardna cijena <\/li>\n\n\n\n<li><strong>255 \u20ac<\/strong> <strong>+ PDV <\/strong>&#8211;&nbsp;Cijena za rane prijave do 30.11.25 <\/li>\n\n\n\n<li><strong>205 \u20ac&nbsp;+ PDV <\/strong>&#8211; Cijena za drama rane prijave do 31.10.25. <\/li>\n<\/ul>\n\n\n\n<p><\/p>\n\n\n\n<p><strong>Godi\u0161nja uplata (uplata cijelog iznosa unaprijed):<\/strong><\/p>\n\n\n\n<ul class=\"wp-block-list\">\n<li><strong>255 \u20ac<\/strong> <strong>+ PDV\/mjese\u010dno <\/strong>&#8211;&nbsp; Standardna cijena<\/li>\n\n\n\n<li><strong>205 \u20ac<\/strong> <strong>+ <strong>PDV\/mjese\u010dno<\/strong><\/strong> &#8211;&nbsp;Cijena za rane prijave do 30.11.25<\/li>\n\n\n\n<li><strong>155 \u20ac&nbsp;+ <strong>PDV\/mjese\u010dno<\/strong> <\/strong>&#8211; Cijena za ultra rane prijave do 31.10.25.<\/li>\n\n\n\n<li><\/li>\n<\/ul>\n\n\n\n<p class=\"has-text-align-center\" style=\"font-size:23px\"><strong>Specijalna akcija: za 3 prijavljena, dobijate i \u010detvrtog polaznika \u0161kole GRATIS<\/strong><\/p>\n\n\n\n<p class=\"has-text-align-center\"><strong><mark style=\"background-color:#01f29a\" class=\"has-inline-color\">Zvani\u010dni po\u010detak Targer Progress 365 ProXcell Green Belt otvorene \u0161kole:<\/mark><\/strong><\/p>\n\n\n\n<p class=\"has-text-align-center\"><strong><mark style=\"background-color:#0edc90\" class=\"has-inline-color\">Utorak, 21.04.2026. <\/mark><\/strong><\/p>\n\n\n\n<p><strong>Vi\u0161e informacija:<\/strong><\/p>\n\n\n\n<p><strong>Kontak mail: <\/strong>badema.durkic@targer.ba<\/p>\n\n\n\n<p><strong>Kontakt telefon: <\/strong>00 61 561 100<\/p>\n\n\n\n<p><\/p>\n","protected":false},"excerpt":{"rendered":"<p>Klju\u010dni cilj ovog trening ciklusa je kod polaznika kreirati ili produbiti napredne vje\u0161tine optimizacije procesa.<\/p>\n","protected":false},"author":3,"featured_media":4283,"comment_status":"open","ping_status":"closed","template":"","meta":{"iawp_total_views":592,"footnotes":""},"eventcat":[131],"organizer":[],"event_tags":[192],"location":[155],"class_list":["post-4196","event","type-event","status-publish","has-post-thumbnail","hentry","eventcat-lean-six-sigma","event_tags-proxcell","location-sarajevo"],"_links":{"self":[{"href":"https:\/\/targer.ba\/soi\/wp-json\/wp\/v2\/event\/4196","targetHints":{"allow":["GET"]}}],"collection":[{"href":"https:\/\/targer.ba\/soi\/wp-json\/wp\/v2\/event"}],"about":[{"href":"https:\/\/targer.ba\/soi\/wp-json\/wp\/v2\/types\/event"}],"author":[{"embeddable":true,"href":"https:\/\/targer.ba\/soi\/wp-json\/wp\/v2\/users\/3"}],"replies":[{"embeddable":true,"href":"https:\/\/targer.ba\/soi\/wp-json\/wp\/v2\/comments?post=4196"}],"version-history":[{"count":43,"href":"https:\/\/targer.ba\/soi\/wp-json\/wp\/v2\/event\/4196\/revisions"}],"predecessor-version":[{"id":4542,"href":"https:\/\/targer.ba\/soi\/wp-json\/wp\/v2\/event\/4196\/revisions\/4542"}],"wp:featuredmedia":[{"embeddable":true,"href":"https:\/\/targer.ba\/soi\/wp-json\/wp\/v2\/media\/4283"}],"wp:attachment":[{"href":"https:\/\/targer.ba\/soi\/wp-json\/wp\/v2\/media?parent=4196"}],"wp:term":[{"taxonomy":"eventcat","embeddable":true,"href":"https:\/\/targer.ba\/soi\/wp-json\/wp\/v2\/eventcat?post=4196"},{"taxonomy":"organizer","embeddable":true,"href":"https:\/\/targer.ba\/soi\/wp-json\/wp\/v2\/organizer?post=4196"},{"taxonomy":"event_tags","embeddable":true,"href":"https:\/\/targer.ba\/soi\/wp-json\/wp\/v2\/event_tags?post=4196"},{"taxonomy":"location","embeddable":true,"href":"https:\/\/targer.ba\/soi\/wp-json\/wp\/v2\/location?post=4196"}],"curies":[{"name":"wp","href":"https:\/\/api.w.org\/{rel}","templated":true}]}}